{"id":974,"date":"2023-08-07T08:18:04","date_gmt":"2023-08-07T12:18:04","guid":{"rendered":"https:\/\/setec.ufmt.br\/eventos\/semiedu\/?page_id=974"},"modified":"2025-07-09T20:03:42","modified_gmt":"2025-07-10T00:03:42","slug":"normas-gerais-para-a-inscricao-com-submissao-de-trabalho","status":"publish","type":"page","link":"https:\/\/setec.ufmt.br\/eventos\/semiedu2025\/normas-gerais-para-a-inscricao-com-submissao-de-trabalho\/","title":{"rendered":"NORMAS GERAIS PARA A INSCRI\u00c7\u00c3O COM SUBMISS\u00c3O DE TRABALHO"},"content":{"rendered":"\t\t<div data-elementor-type=\"wp-page\" data-elementor-id=\"974\" class=\"elementor elementor-974\" data-elementor-post-type=\"page\">\n\t\t\t\t<div class=\"elementor-element elementor-element-8189aed e-con-full e-flex e-con e-parent\" data-id=\"8189aed\" data-element_type=\"container\">\n\t\t\t\t<div class=\"elementor-element elementor-element-ed4464f elementor-tabs-alignment-center elementor-tabs-view-horizontal elementor-widget elementor-widget-tabs\" data-id=\"ed4464f\" data-element_type=\"widget\" data-widget_type=\"tabs.default\">\n\t\t\t\t<div class=\"elementor-widget-container\">\n\t\t\t<style>\/*! elementor - v3.23.0 - 05-08-2024 *\/\n.elementor-widget-tabs.elementor-tabs-view-vertical .elementor-tabs-wrapper{width:25%;flex-shrink:0}.elementor-widget-tabs.elementor-tabs-view-vertical .elementor-tab-desktop-title.elementor-active{border-inline-end-style:none}.elementor-widget-tabs.elementor-tabs-view-vertical .elementor-tab-desktop-title.elementor-active:after,.elementor-widget-tabs.elementor-tabs-view-vertical .elementor-tab-desktop-title.elementor-active:before{height:999em;width:0;right:0;border-inline-end-style:solid}.elementor-widget-tabs.elementor-tabs-view-vertical .elementor-tab-desktop-title.elementor-active:before{top:0;transform:translateY(-100%)}.elementor-widget-tabs.elementor-tabs-view-vertical .elementor-tab-desktop-title.elementor-active:after{top:100%}.elementor-widget-tabs.elementor-tabs-view-horizontal .elementor-tab-desktop-title{display:table-cell}.elementor-widget-tabs.elementor-tabs-view-horizontal .elementor-tab-desktop-title.elementor-active{border-bottom-style:none}.elementor-widget-tabs.elementor-tabs-view-horizontal .elementor-tab-desktop-title.elementor-active:after,.elementor-widget-tabs.elementor-tabs-view-horizontal .elementor-tab-desktop-title.elementor-active:before{bottom:0;height:0;width:999em;border-bottom-style:solid}.elementor-widget-tabs.elementor-tabs-view-horizontal .elementor-tab-desktop-title.elementor-active:before{right:100%}.elementor-widget-tabs.elementor-tabs-view-horizontal .elementor-tab-desktop-title.elementor-active:after{left:100%}.elementor-widget-tabs .elementor-tab-content,.elementor-widget-tabs .elementor-tab-title,.elementor-widget-tabs .elementor-tab-title:after,.elementor-widget-tabs .elementor-tab-title:before,.elementor-widget-tabs .elementor-tabs-content-wrapper{border:1px #d5d8dc}.elementor-widget-tabs .elementor-tabs{text-align:start}.elementor-widget-tabs .elementor-tabs-wrapper{overflow:hidden}.elementor-widget-tabs .elementor-tab-title{cursor:pointer;outline:var(--focus-outline,none)}.elementor-widget-tabs .elementor-tab-desktop-title{position:relative;padding:20px 25px;font-weight:700;line-height:1;border:solid transparent}.elementor-widget-tabs .elementor-tab-desktop-title.elementor-active{border-color:#d5d8dc}.elementor-widget-tabs .elementor-tab-desktop-title.elementor-active:after,.elementor-widget-tabs .elementor-tab-desktop-title.elementor-active:before{display:block;content:\"\";position:absolute}.elementor-widget-tabs .elementor-tab-desktop-title:focus-visible{border:1px solid #000}.elementor-widget-tabs .elementor-tab-mobile-title{padding:10px;cursor:pointer}.elementor-widget-tabs .elementor-tab-content{padding:20px;display:none}@media (max-width:767px){.elementor-tabs .elementor-tab-content,.elementor-tabs .elementor-tab-title{border-style:solid solid none}.elementor-tabs .elementor-tabs-wrapper{display:none}.elementor-tabs .elementor-tabs-content-wrapper{border-bottom-style:solid}.elementor-tabs .elementor-tab-content{padding:10px}}@media (min-width:768px){.elementor-widget-tabs.elementor-tabs-view-vertical .elementor-tabs{display:flex}.elementor-widget-tabs.elementor-tabs-view-vertical .elementor-tabs-wrapper{flex-direction:column}.elementor-widget-tabs.elementor-tabs-view-vertical .elementor-tabs-content-wrapper{flex-grow:1;border-style:solid solid solid none}.elementor-widget-tabs.elementor-tabs-view-horizontal .elementor-tab-content{border-style:none solid solid}.elementor-widget-tabs.elementor-tabs-alignment-center .elementor-tabs-wrapper,.elementor-widget-tabs.elementor-tabs-alignment-end .elementor-tabs-wrapper,.elementor-widget-tabs.elementor-tabs-alignment-stretch .elementor-tabs-wrapper{display:flex}.elementor-widget-tabs.elementor-tabs-alignment-center .elementor-tabs-wrapper{justify-content:center}.elementor-widget-tabs.elementor-tabs-alignment-end .elementor-tabs-wrapper{justify-content:flex-end}.elementor-widget-tabs.elementor-tabs-alignment-stretch.elementor-tabs-view-horizontal .elementor-tab-title{width:100%}.elementor-widget-tabs.elementor-tabs-alignment-stretch.elementor-tabs-view-vertical .elementor-tab-title{height:100%}.elementor-tabs .elementor-tab-mobile-title{display:none}}<\/style>\t\t<div class=\"elementor-tabs\">\n\t\t\t<div class=\"elementor-tabs-wrapper\" role=\"tablist\" >\n\t\t\t\t\t\t\t\t\t<div id=\"elementor-tab-title-2481\" class=\"elementor-tab-title elementor-tab-desktop-title\" aria-selected=\"true\" data-tab=\"1\" role=\"tab\" tabindex=\"0\" aria-controls=\"elementor-tab-content-2481\" aria-expanded=\"false\">Normas Gerais para Submiss\u00e3o de Trabalho<\/div>\n\t\t\t\t\t\t\t\t\t<div id=\"elementor-tab-title-2482\" class=\"elementor-tab-title elementor-tab-desktop-title\" aria-selected=\"false\" data-tab=\"2\" role=\"tab\" tabindex=\"-1\" aria-controls=\"elementor-tab-content-2482\" aria-expanded=\"false\">Normas espec\u00edficas para Trabalho Completo<\/div>\n\t\t\t\t\t\t\t\t\t<div id=\"elementor-tab-title-2483\" class=\"elementor-tab-title elementor-tab-desktop-title\" aria-selected=\"false\" data-tab=\"3\" role=\"tab\" tabindex=\"-1\" aria-controls=\"elementor-tab-content-2483\" aria-expanded=\"false\">Normas espec\u00edficas  para Relato de Experi\u00eancia<\/div>\n\t\t\t\t\t\t\t\t\t<div id=\"elementor-tab-title-2484\" class=\"elementor-tab-title elementor-tab-desktop-title\" aria-selected=\"false\" data-tab=\"4\" role=\"tab\" tabindex=\"-1\" aria-controls=\"elementor-tab-content-2484\" aria-expanded=\"false\">Normas espec\u00edficas para         P\u00f4ster<\/div>\n\t\t\t\t\t\t\t<\/div>\n\t\t\t<div class=\"elementor-tabs-content-wrapper\" role=\"tablist\" aria-orientation=\"vertical\">\n\t\t\t\t\t\t\t\t\t<div class=\"elementor-tab-title elementor-tab-mobile-title\" aria-selected=\"true\" data-tab=\"1\" role=\"tab\" tabindex=\"0\" aria-controls=\"elementor-tab-content-2481\" aria-expanded=\"false\">Normas Gerais para Submiss\u00e3o de Trabalho<\/div>\n\t\t\t\t\t<div id=\"elementor-tab-content-2481\" class=\"elementor-tab-content elementor-clearfix\" data-tab=\"1\" role=\"tabpanel\" aria-labelledby=\"elementor-tab-title-2481\" tabindex=\"0\" hidden=\"false\"><p>A inscri\u00e7\u00e3o no <b>SemiEdu 2025<\/b> \u2013 \u201cConflu\u00eancias entre saberes quilombolas, ind\u00edgenas, campesinos e acad\u00eamicos na constru\u00e7\u00e3o de educa\u00e7\u00f5es decoloniais\u201d \u2013 antecede a submiss\u00e3o de trabalho (recomenda-se realizar o pagamento da inscri\u00e7\u00e3o 3 dias antes da submiss\u00e3o).<\/p>\n<p>Na edi\u00e7\u00e3o de 2025 do SemiEdu, os textos devem ser enviados em dois arquivos em formato PDF:<\/p>\n<ol>\n<li><b>Uma vers\u00e3o<\/b> <b>SEM IDENTIFICA\u00c7\u00c3O<\/b> (a ser analisada pelos pareceristas);<\/li>\n<li><b>Uma vers\u00e3o<\/b> <b>COM IDENTIFICA\u00c7\u00c3O<\/b>, com filia\u00e7\u00e3o e e-mail dos\/as autores\/as (compor\u00e1 os Anais, em caso de aprova\u00e7\u00e3o);<\/li>\n<\/ol>\n<p><span data-text-custom-color=\"#bf2600\" data-prosemirror-content-type=\"mark\" data-prosemirror-mark-name=\"textColor\" style=\"letter-spacing: 0em; --custom-palette-color: var(--ds-text-accent-red, #BF2600);\">Haver\u00e1 o <\/span><strong data-prosemirror-content-type=\"mark\" data-prosemirror-mark-name=\"strong\" style=\"letter-spacing: 0em;\">espa\u00e7o especificado<\/strong><span data-text-custom-color=\"#bf2600\" data-prosemirror-content-type=\"mark\" data-prosemirror-mark-name=\"textColor\" style=\"letter-spacing: 0em; --custom-palette-color: var(--ds-text-accent-red, #BF2600);\"> para cada um dos arquivos <\/span><strong data-prosemirror-content-type=\"mark\" data-prosemirror-mark-name=\"strong\" style=\"letter-spacing: 0em;\">no site<\/strong><span data-text-custom-color=\"#bf2600\" data-prosemirror-content-type=\"mark\" data-prosemirror-mark-name=\"textColor\" style=\"letter-spacing: 0em; --custom-palette-color: var(--ds-text-accent-red, #BF2600);\"> do SemiEdu 2025. Caso a vers\u00e3o identificada seja submetida equivocadamente no espa\u00e7o que deveria conter a vers\u00e3o sem identifica\u00e7\u00e3o, <\/span><strong data-prosemirror-content-type=\"mark\" data-prosemirror-mark-name=\"strong\" style=\"letter-spacing: 0em;\">o texto ser\u00e1 reprovado por quebra de anonimato<\/strong><span data-text-custom-color=\"#bf2600\" data-prosemirror-content-type=\"mark\" data-prosemirror-mark-name=\"textColor\" style=\"letter-spacing: 0em; --custom-palette-color: var(--ds-text-accent-red, #BF2600);\">. Por isso \u00e9 preciso aten\u00e7\u00e3o no momento da submiss\u00e3o.<\/span><\/p><p><span data-text-custom-color=\"#bf2600\" data-prosemirror-content-type=\"mark\" data-prosemirror-mark-name=\"textColor\" style=\"letter-spacing: 0em; --custom-palette-color: var(--ds-text-accent-red, #BF2600);\"><\/span><\/p><p data-prosemirror-content-type=\"node\" data-prosemirror-node-name=\"paragraph\" data-prosemirror-node-block=\"true\" data-pm-slice=\"1 1 []\"><span class=\"fabric-text-color-mark\" style=\"--custom-palette-color: var(--ds-text-accent-red, #BF2600)\" data-text-custom-color=\"#bf2600\" data-prosemirror-content-type=\"mark\" data-prosemirror-mark-name=\"textColor\">Os textos submetidos devem estar <\/span><strong data-prosemirror-content-type=\"mark\" data-prosemirror-mark-name=\"strong\">alinhados \u00e0 tem\u00e1tica do Grupo de Trabalho (GT)<\/strong><span class=\"fabric-text-color-mark\" style=\"--custom-palette-color: var(--ds-text-accent-red, #BF2600)\" data-text-custom-color=\"#bf2600\" data-prosemirror-content-type=\"mark\" data-prosemirror-mark-name=\"textColor\"> escolhido no momento da submiss\u00e3o. Submiss\u00f5es<\/span><strong data-prosemirror-content-type=\"mark\" data-prosemirror-mark-name=\"strong\"> fora da tem\u00e1tica do GT ser\u00e3o reprovadas<\/strong><span class=\"fabric-text-color-mark\" style=\"--custom-palette-color: var(--ds-text-accent-red, #BF2600)\" data-text-custom-color=\"#bf2600\" data-prosemirror-content-type=\"mark\" data-prosemirror-mark-name=\"textColor\">.<\/span><\/p>\n<p>O texto identificado ser\u00e1 utilizado para publica\u00e7\u00e3o nos anais do evento. Portanto, n\u00e3o haver\u00e1 a possibilidade de corre\u00e7\u00e3o\/revis\u00e3o lingu\u00edstica do texto por parte dos\/as autores\/as ap\u00f3s a submiss\u00e3o. <b>\u00c9 de inteira responsabilidade dos\/as autores\/as a realiza\u00e7\u00e3o da corre\u00e7\u00e3o\/revis\u00e3o lingu\u00edstica antes da submiss\u00e3o no site do evento<\/b>. .<\/p>\n<p>Os trabalhos ser\u00e3o avaliados em rela\u00e7\u00e3o \u00e0 pertin\u00eancia ao Grupo de Trabalho e ao conte\u00fado, pertin\u00eancia\/relev\u00e2ncia do trabalho e qualidade de apresenta\u00e7\u00e3o da discuss\u00e3o proposta.<\/p>\n<p>    <strong style=\"color:#2F5C30;\"><strong>Os trabalhos submetidos devem obedecer \u00e0s seguintes normas gerais:<\/strong><\/strong><\/p>\n<ol>\n<li>Ter tem\u00e1tica relacionada a um dos Grupos de Trabalho (GT) indicados;<\/li>\n<li>Estar em conformidade com as Normas t\u00e9cnicas da ABNT NBR 10520\/2023;<\/li>\n<li><strong>Ter, no m\u00e1ximo, 5 autores\/as;<\/strong><\/li>\n<li>Apresentar qualidade argumentativa e de organiza\u00e7\u00e3o das ideias;<\/li>\n<li>Possuir base te\u00f3rica explicitada;<\/li>\n<li>Apresentar contribui\u00e7\u00e3o te\u00f3rica \u2013 epistemol\u00f3gica ou metodol\u00f3gica \u2013 ou pr\u00e1tica para um dos campos representados pelos GT.<\/li>\n<li>Cada autor\/a poder\u00e1 submeter apenas um (01) trabalho na condi\u00e7\u00e3o de autoria principal (primeiro nome) e, at\u00e9, quatro (04) trabalhos em situa\u00e7\u00e3o de coautoria, totalizando, conforme as normas do evento, no m\u00e1ximo cinco (5) trabalhos submetidos.<\/li>\n<\/ol>\n<p>    <strong style=\"color:#2F5C30;\"><strong>Em caso de trabalhos com mais de um\/a autor\/a, deve-se observar as seguintes regras:<\/strong><\/strong><\/p>\n<ul>\n<li>Apenas o\/a primeiro\/a autor\/a dever\u00e1 ser respons\u00e1vel pela submiss\u00e3o do texto no sistema do evento;<\/li>\n<li>N\u00e3o ser\u00e1 permitida a altera\u00e7\u00e3o de arquivos ap\u00f3s a submiss\u00e3o do trabalho no site do evento;<\/li>\n<li>Todos os\/as participantes que ir\u00e3o submeter trabalho no SemiEdu 2025, na condi\u00e7\u00e3o de autor\/a e co\/autores\/as, <strong>dever\u00e3o realizar a inscri\u00e7\u00e3o com anteced\u00eancia (recomenda-se realizar o pagamento da inscri\u00e7\u00e3o 3 dias antes da submiss\u00e3o), sob pena de n\u00e3o ser publicado nos Anais do Evento, caso o trabalho seja aprovado;<\/strong><\/li>\n<li>O n\u00e3o pagamento da taxa de inscri\u00e7\u00e3o, com compensa\u00e7\u00e3o do pagamento antes do encerramento do per\u00edodo de submiss\u00e3o dos textos, implica na impossibilidade de submiss\u00e3o do texto no site do SemiEdu 2025;<\/li>\n<li>N\u00e3o haver\u00e1 devolu\u00e7\u00e3o de taxa em qualquer hip\u00f3tese.<\/li>\n<\/ul>\n<p>    <strong style=\"color:#2F5C30;\"><strong>Os trabalhos somente ser\u00e3o avaliados se:<\/strong><\/strong><\/p>\n<ul>\n<li>Os arquivos dos textos (com e sem identifica\u00e7\u00e3o) forem enviados por meio do sistema de upload do site (ap\u00f3s login e senha, na p\u00e1gina de inscri\u00e7\u00e3o) at\u00e9 a <strong>data limite<\/strong> especificada e divulgada para a edi\u00e7\u00e3o do SemiEdu 2025;<\/li>\n<li>Atenderem \u00e0s especifica\u00e7\u00f5es contidas no Template de cada formato de trabalho (Trabalho Completo, Relato de Experi\u00eancia e P\u00f4ster);<\/li>\n<li>Utilizarem o formato de arquivo do Template;<\/li>\n<li>Estiverem em formato PDF.<\/li>\n<\/ul><\/div>\n\t\t\t\t\t\t\t\t\t<div class=\"elementor-tab-title elementor-tab-mobile-title\" aria-selected=\"false\" data-tab=\"2\" role=\"tab\" tabindex=\"-1\" aria-controls=\"elementor-tab-content-2482\" aria-expanded=\"false\">Normas espec\u00edficas para Trabalho Completo<\/div>\n\t\t\t\t\t<div id=\"elementor-tab-content-2482\" class=\"elementor-tab-content elementor-clearfix\" data-tab=\"2\" role=\"tabpanel\" aria-labelledby=\"elementor-tab-title-2482\" tabindex=\"0\" hidden=\"hidden\"><p>Os trabalhos em formato de <strong>Trabalho Completo<\/strong> somente ser\u00e3o aceitos se:<\/p>\n<ol>\n<li>O texto do <strong>trabalho completo<\/strong> em sua totalidade (elementos pr\u00e9-textuais, textuais e p\u00f3s-textuais) deve conter entre 8 (oito) e 10 (dez) p\u00e1ginas;<\/li>\n<li>Apresentarem tem\u00e1tica relacionada ao Grupo de Trabalho ao qual foram submetidos;<\/li>\n<li>Apresentarem em sua estrutura: <strong>resumo, palavras-chave<\/strong> e cinco conte\u00fados b\u00e1sicos: Introdu\u00e7\u00e3o e Fundamenta\u00e7\u00e3o Te\u00f3rica, Objetivos, Metodologia, Resultados e Discuss\u00f5es e Considera\u00e7\u00f5es Finais.<\/li>\n<\/ol>\n<div>Acesse os modelos (com e sem identifica\u00e7\u00e3o) para o Trabalho Completo <a href=\"https:\/\/setec.ufmt.br\/eventos\/semiedu2025\/templates-de-trabalhos\/\">aqui<\/a>.<\/div><div>\n<div>&nbsp;<\/div>\n<\/div><\/div>\n\t\t\t\t\t\t\t\t\t<div class=\"elementor-tab-title elementor-tab-mobile-title\" aria-selected=\"false\" data-tab=\"3\" role=\"tab\" tabindex=\"-1\" aria-controls=\"elementor-tab-content-2483\" aria-expanded=\"false\">Normas espec\u00edficas  para Relato de Experi\u00eancia<\/div>\n\t\t\t\t\t<div id=\"elementor-tab-content-2483\" class=\"elementor-tab-content elementor-clearfix\" data-tab=\"3\" role=\"tabpanel\" aria-labelledby=\"elementor-tab-title-2483\" tabindex=\"0\" hidden=\"hidden\"><p><span style=\"font-weight: 400;\">Os trabalhos em formato de<\/span><b> Relato de Experi\u00eancia <\/b><span style=\"font-weight: 400;\">somente ser\u00e3o aceitos se:<\/span><\/p>\n<ol>\n<li aria-level=\"1\">O t<strong>exto do Relato de Experi\u00eancia<\/strong> em sua totalidade (elementos pr\u00e9-textuais, textuais e p\u00f3s-textuais) apresentar entre <strong><strong>4 (quatro) e 6 (seis) p\u00e1ginas;<\/strong><\/strong><\/li>\n<li aria-level=\"1\"><span style=\"font-weight: 400;\"><span style=\"font-weight: 400;\">Apresentarem tem\u00e1tica relacionada ao Grupo de Trabalho ao qual foram submetidos;<\/span><\/span><\/li>\n<li aria-level=\"1\"><span style=\"font-weight: 400;\">Apresentarem em sua estrutura quatro conte\u00fados b\u00e1sicos: introdu\u00e7\u00e3o, objetivos, procedimentos metodol\u00f3gicos e principais resultados\/conclus\u00f5es.<br><\/span><\/li>\n<\/ol>\n<p><span style=\"font-weight: 400;\">Acesse os modelos (com e sem identifica\u00e7\u00e3o) para o Relato de Experi\u00eancia <\/span><a href=\"https:\/\/setec.ufmt.br\/eventos\/semiedu2025\/templates-de-trabalhos\/\" target=\"_blank\" rel=\"noopener\"><span style=\"font-weight: 400;\">aqui<\/span><\/a><span style=\"font-weight: 400;\">.<\/span><span style=\"letter-spacing: 0em;\">&nbsp;<\/span><\/p><\/div>\n\t\t\t\t\t\t\t\t\t<div class=\"elementor-tab-title elementor-tab-mobile-title\" aria-selected=\"false\" data-tab=\"4\" role=\"tab\" tabindex=\"-1\" aria-controls=\"elementor-tab-content-2484\" aria-expanded=\"false\">Normas espec\u00edficas para         P\u00f4ster<\/div>\n\t\t\t\t\t<div id=\"elementor-tab-content-2484\" class=\"elementor-tab-content elementor-clearfix\" data-tab=\"4\" role=\"tabpanel\" aria-labelledby=\"elementor-tab-title-2484\" tabindex=\"0\" hidden=\"hidden\"><p><span style=\"font-weight: 400;\">Os trabalhos em formato de <\/span><strong>P\u00f4ster <\/strong><span style=\"font-weight: 400;\">somente<\/span> <span style=\"font-weight: 400;\">ser\u00e3o aceitos se:<\/span><\/p>\n<ol>\n<li><span style=\"font-weight: 400;\">O <\/span><b>texto do P\u00f4ster<\/b><span style=\"font-weight: 400;\"> em sua totalidade&nbsp;(elementos&nbsp;pr\u00e9-textuais, textuais e p\u00f3s-textuais) apresentar entre<\/span><b><b> 3 (tr\u00eas) e 5 (cinco) p\u00e1ginas;<\/b><\/b><\/li>\n<li aria-level=\"1\"><span style=\"font-weight: 400;\"><span style=\"font-weight: 400;\">Apresentarem tem\u00e1tica relacionada ao Grupo de Trabalho ao qual foram submetidos;<\/span><\/span><\/li>\n<li aria-level=\"1\"><span style=\"font-weight: 400;\">Apresentarem em sua estrutura quatro conte\u00fados b\u00e1sicos: introdu\u00e7\u00e3o, objetivos, procedimentos metodol\u00f3gicos e principais resultados\/conclus\u00f5es<\/span><\/li>\n<\/ol>\n<p><span style=\"font-weight: 400;\">Acesse os modelos (com e sem identifica\u00e7\u00e3o) para o P\u00f4ster <\/span><a href=\"https:\/\/setec.ufmt.br\/eventos\/semiedu2025\/templates-de-trabalhos\/\" target=\"_blank\" rel=\"noopener\" data-wplink-edit=\"true\"><span style=\"font-weight: 400;\">aqui<\/span><\/a><span style=\"font-weight: 400;\">.<\/span><\/p><\/div>\n\t\t\t\t\t\t\t<\/div>\n\t\t<\/div>\n\t\t\t\t<\/div>\n\t\t\t\t<\/div>\n\t\t\t\t<\/div>\n\t\t\t\t<\/div>\n\t\t","protected":false},"excerpt":{"rendered":"<p>Normas Gerais para Submiss\u00e3o de Trabalho Normas espec\u00edficas para Trabalho Completo Normas espec\u00edficas para Relato de Experi\u00eancia Normas espec\u00edficas para P\u00f4ster Normas Gerais para Submiss\u00e3o de Trabalho A inscri\u00e7\u00e3o no SemiEdu 2025 \u2013 \u201cConflu\u00eancias entre [&hellip;]<\/p>\n","protected":false},"author":1076,"featured_media":0,"parent":0,"menu_order":0,"comment_status":"closed","ping_status":"closed","template":"","meta":{"footnotes":""},"class_list":["post-974","page","type-page","status-publish","hentry"],"_links":{"self":[{"href":"https:\/\/setec.ufmt.br\/eventos\/semiedu2025\/wp-json\/wp\/v2\/pages\/974"}],"collection":[{"href":"https:\/\/setec.ufmt.br\/eventos\/semiedu2025\/wp-json\/wp\/v2\/pages"}],"about":[{"href":"https:\/\/setec.ufmt.br\/eventos\/semiedu2025\/wp-json\/wp\/v2\/types\/page"}],"author":[{"embeddable":true,"href":"https:\/\/setec.ufmt.br\/eventos\/semiedu2025\/wp-json\/wp\/v2\/users\/1076"}],"replies":[{"embeddable":true,"href":"https:\/\/setec.ufmt.br\/eventos\/semiedu2025\/wp-json\/wp\/v2\/comments?post=974"}],"version-history":[{"count":189,"href":"https:\/\/setec.ufmt.br\/eventos\/semiedu2025\/wp-json\/wp\/v2\/pages\/974\/revisions"}],"predecessor-version":[{"id":5445,"href":"https:\/\/setec.ufmt.br\/eventos\/semiedu2025\/wp-json\/wp\/v2\/pages\/974\/revisions\/5445"}],"wp:attachment":[{"href":"https:\/\/setec.ufmt.br\/eventos\/semiedu2025\/wp-json\/wp\/v2\/media?parent=974"}],"curies":[{"name":"wp","href":"https:\/\/api.w.org\/{rel}","templated":true}]}}