{"id":629,"date":"2022-11-17T11:52:58","date_gmt":"2022-11-17T11:52:58","guid":{"rendered":"https:\/\/www.cssigniter.com\/elementor-demos\/projektor\/?page_id=28"},"modified":"2025-11-26T11:38:19","modified_gmt":"2025-11-26T15:38:19","slug":"pagina-inicial","status":"publish","type":"page","link":"https:\/\/setec.ufmt.br\/eventos\/semiedu2025\/","title":{"rendered":"P\u00e1gina Inicial"},"content":{"rendered":"\t\t<div data-elementor-type=\"wp-page\" data-elementor-id=\"629\" class=\"elementor elementor-629\" data-elementor-post-type=\"page\">\n\t\t\t\t\t\t<section class=\"elementor-section elementor-top-section elementor-element elementor-element-069078b elementor-section-height-min-height elementor-section-boxed elementor-section-height-default elementor-section-items-middle\" data-id=\"069078b\" data-element_type=\"section\" data-settings=\"{&quot;background_background&quot;:&quot;gradient&quot;}\">\n\t\t\t\t\t\t\t<div class=\"elementor-background-overlay\"><\/div>\n\t\t\t\t\t\t\t<div class=\"elementor-container elementor-column-gap-extended\">\n\t\t\t\t\t<div class=\"elementor-column elementor-col-100 elementor-top-column elementor-element elementor-element-bce6893\" data-id=\"bce6893\" data-element_type=\"column\">\n\t\t\t<div class=\"elementor-widget-wrap elementor-element-populated\">\n\t\t\t\t\t\t<div class=\"elementor-element elementor-element-2f368f1 elementor-widget elementor-widget-spacer\" data-id=\"2f368f1\" data-element_type=\"widget\" data-widget_type=\"spacer.default\">\n\t\t\t\t<div class=\"elementor-widget-container\">\n\t\t\t<style>\/*! elementor - v3.23.0 - 05-08-2024 *\/\n.elementor-column .elementor-spacer-inner{height:var(--spacer-size)}.e-con{--container-widget-width:100%}.e-con-inner>.elementor-widget-spacer,.e-con>.elementor-widget-spacer{width:var(--container-widget-width,var(--spacer-size));--align-self:var(--container-widget-align-self,initial);--flex-shrink:0}.e-con-inner>.elementor-widget-spacer>.elementor-widget-container,.e-con>.elementor-widget-spacer>.elementor-widget-container{height:100%;width:100%}.e-con-inner>.elementor-widget-spacer>.elementor-widget-container>.elementor-spacer,.e-con>.elementor-widget-spacer>.elementor-widget-container>.elementor-spacer{height:100%}.e-con-inner>.elementor-widget-spacer>.elementor-widget-container>.elementor-spacer>.elementor-spacer-inner,.e-con>.elementor-widget-spacer>.elementor-widget-container>.elementor-spacer>.elementor-spacer-inner{height:var(--container-widget-height,var(--spacer-size))}.e-con-inner>.elementor-widget-spacer.elementor-widget-empty,.e-con>.elementor-widget-spacer.elementor-widget-empty{position:relative;min-height:22px;min-width:22px}.e-con-inner>.elementor-widget-spacer.elementor-widget-empty .elementor-widget-empty-icon,.e-con>.elementor-widget-spacer.elementor-widget-empty .elementor-widget-empty-icon{position:absolute;top:0;bottom:0;left:0;right:0;margin:auto;padding:0;width:22px;height:22px}<\/style>\t\t<div class=\"elementor-spacer\">\n\t\t\t<div class=\"elementor-spacer-inner\"><\/div>\n\t\t<\/div>\n\t\t\t\t<\/div>\n\t\t\t\t<\/div>\n\t\t\t\t<div class=\"elementor-element elementor-element-0626925 elementor-widget elementor-widget-heading\" data-id=\"0626925\" data-element_type=\"widget\" data-widget_type=\"heading.default\">\n\t\t\t\t<div class=\"elementor-widget-container\">\n\t\t\t<style>\/*! elementor - v3.23.0 - 05-08-2024 *\/\n.elementor-heading-title{padding:0;margin:0;line-height:1}.elementor-widget-heading .elementor-heading-title[class*=elementor-size-]>a{color:inherit;font-size:inherit;line-height:inherit}.elementor-widget-heading .elementor-heading-title.elementor-size-small{font-size:15px}.elementor-widget-heading .elementor-heading-title.elementor-size-medium{font-size:19px}.elementor-widget-heading .elementor-heading-title.elementor-size-large{font-size:29px}.elementor-widget-heading .elementor-heading-title.elementor-size-xl{font-size:39px}.elementor-widget-heading .elementor-heading-title.elementor-size-xxl{font-size:59px}<\/style><p class=\"elementor-heading-title elementor-size-default\">26, 27 e 28  de Novembro<\/p>\t\t<\/div>\n\t\t\t\t<\/div>\n\t\t\t\t<div class=\"elementor-element elementor-element-cb947e4 elementor-widget elementor-widget-heading\" data-id=\"cb947e4\" data-element_type=\"widget\" data-widget_type=\"heading.default\">\n\t\t\t\t<div class=\"elementor-widget-container\">\n\t\t\t<h1 class=\"elementor-heading-title elementor-size-default\">Semin\u00e1rio de Educa\u00e7\u00e3o 2025<\/h1>\t\t<\/div>\n\t\t\t\t<\/div>\n\t\t\t\t<div class=\"elementor-element elementor-element-d013f92 elementor-widget elementor-widget-heading\" data-id=\"d013f92\" data-element_type=\"widget\" data-widget_type=\"heading.default\">\n\t\t\t\t<div class=\"elementor-widget-container\">\n\t\t\t<h1 class=\"elementor-heading-title elementor-size-default\">VII Encontro de Educa\u00e7\u00e30 Escolar Quilombola<\/h1>\t\t<\/div>\n\t\t\t\t<\/div>\n\t\t\t\t<div class=\"elementor-element elementor-element-df27706 elementor-widget elementor-widget-heading\" data-id=\"df27706\" data-element_type=\"widget\" data-widget_type=\"heading.default\">\n\t\t\t\t<div class=\"elementor-widget-container\">\n\t\t\t<p class=\"elementor-heading-title elementor-size-default\">Conflu\u00eancias entre saberes quilombolas, ind\u00edgenas, campesinos e acad\u00eamicos na constru\u00e7\u00e3o de educa\u00e7\u00f5es decoloniais<\/p>\t\t<\/div>\n\t\t\t\t<\/div>\n\t\t\t\t<div class=\"elementor-element elementor-element-b971736 elementor-widget elementor-widget-spacer\" data-id=\"b971736\" data-element_type=\"widget\" data-widget_type=\"spacer.default\">\n\t\t\t\t<div class=\"elementor-widget-container\">\n\t\t\t\t\t<div class=\"elementor-spacer\">\n\t\t\t<div class=\"elementor-spacer-inner\"><\/div>\n\t\t<\/div>\n\t\t\t\t<\/div>\n\t\t\t\t<\/div>\n\t\t\t\t\t<\/div>\n\t\t<\/div>\n\t\t\t\t\t<\/div>\n\t\t<\/section>\n\t\t\t\t<section class=\"elementor-section elementor-top-section elementor-element elementor-element-d9d7817 elementor-section-boxed elementor-section-height-default elementor-section-height-default\" data-id=\"d9d7817\" data-element_type=\"section\" id=\"boas-vindas\">\n\t\t\t\t\t\t<div class=\"elementor-container elementor-column-gap-extended\">\n\t\t\t\t\t<div class=\"elementor-column elementor-col-100 elementor-top-column elementor-element elementor-element-56c34d2\" data-id=\"56c34d2\" data-element_type=\"column\">\n\t\t\t<div class=\"elementor-widget-wrap elementor-element-populated\">\n\t\t\t\t\t\t<div class=\"elementor-element elementor-element-ff8f1d2 elementor-align-center elementor-widget elementor-widget-button\" data-id=\"ff8f1d2\" data-element_type=\"widget\" data-widget_type=\"button.default\">\n\t\t\t\t<div class=\"elementor-widget-container\">\n\t\t\t\t\t<div class=\"elementor-button-wrapper\">\n\t\t\t<a class=\"elementor-button elementor-button-link elementor-size-sm elementor-animation-pulse-grow\" href=\"https:\/\/setec.ufmt.br\/eventos\/semiedu2025\/wp-content\/uploads\/2025\/11\/Programacao-geral-26-11-2025-SemiEdu-2025.pdf\" target=\"_blank\">\n\t\t\t\t\t\t<span class=\"elementor-button-content-wrapper\">\n\t\t\t\t\t\t\t\t\t<span class=\"elementor-button-text\">Programa\u00e7\u00e3o Geral<\/span>\n\t\t\t\t\t<\/span>\n\t\t\t\t\t<\/a>\n\t\t<\/div>\n\t\t\t\t<\/div>\n\t\t\t\t<\/div>\n\t\t\t\t<div class=\"elementor-element elementor-element-30ea7c4 elementor-widget elementor-widget-spacer\" data-id=\"30ea7c4\" data-element_type=\"widget\" data-widget_type=\"spacer.default\">\n\t\t\t\t<div class=\"elementor-widget-container\">\n\t\t\t\t\t<div class=\"elementor-spacer\">\n\t\t\t<div class=\"elementor-spacer-inner\"><\/div>\n\t\t<\/div>\n\t\t\t\t<\/div>\n\t\t\t\t<\/div>\n\t\t\t\t\t<\/div>\n\t\t<\/div>\n\t\t\t\t\t<\/div>\n\t\t<\/section>\n\t\t<div class=\"elementor-element elementor-element-1eb2976 e-flex e-con-boxed e-con e-parent\" data-id=\"1eb2976\" data-element_type=\"container\">\n\t\t\t\t\t<div class=\"e-con-inner\">\n\t\t\t\t<div class=\"elementor-element elementor-element-4b26280 elementor-widget elementor-widget-heading\" data-id=\"4b26280\" data-element_type=\"widget\" data-widget_type=\"heading.default\">\n\t\t\t\t<div class=\"elementor-widget-container\">\n\t\t\t<h2 class=\"elementor-heading-title elementor-size-default\">BOAS-VINDAS<\/h2>\t\t<\/div>\n\t\t\t\t<\/div>\n\t\t\t\t\t<\/div>\n\t\t\t\t<\/div>\n\t\t<div class=\"elementor-element elementor-element-ee27ef6 e-flex e-con-boxed e-con e-parent\" data-id=\"ee27ef6\" data-element_type=\"container\">\n\t\t\t\t\t<div class=\"e-con-inner\">\n\t\t<div class=\"elementor-element elementor-element-22700d7 e-con-full e-flex e-con e-child\" data-id=\"22700d7\" data-element_type=\"container\">\n\t\t\t\t<div class=\"elementor-element elementor-element-9a47c4f elementor-widget elementor-widget-text-editor\" data-id=\"9a47c4f\" data-element_type=\"widget\" data-widget_type=\"text-editor.default\">\n\t\t\t\t<div class=\"elementor-widget-container\">\n\t\t\t<style>\/*! elementor - v3.23.0 - 05-08-2024 *\/\n.elementor-widget-text-editor.elementor-drop-cap-view-stacked .elementor-drop-cap{background-color:#69727d;color:#fff}.elementor-widget-text-editor.elementor-drop-cap-view-framed .elementor-drop-cap{color:#69727d;border:3px solid;background-color:transparent}.elementor-widget-text-editor:not(.elementor-drop-cap-view-default) .elementor-drop-cap{margin-top:8px}.elementor-widget-text-editor:not(.elementor-drop-cap-view-default) .elementor-drop-cap-letter{width:1em;height:1em}.elementor-widget-text-editor .elementor-drop-cap{float:left;text-align:center;line-height:1;font-size:50px}.elementor-widget-text-editor .elementor-drop-cap-letter{display:inline-block}<\/style>\t\t\t\t<p>O Semin\u00e1rio de Educa\u00e7\u00e3o (SemiEdu) chega \u00e0 sua 33\u00aa edi\u00e7\u00e3o em 2025, consolidando-se como um dos mais significativos espa\u00e7os de di\u00e1logo, divulga\u00e7\u00e3o de pesquisas e de forma\u00e7\u00e3o continuada de docentes da regi\u00e3o Centro-Oeste. Mais do que um evento acad\u00eamico, o SemiEdu \u00e9 territ\u00f3rio de escuta, de trocas, (re)constru\u00e7\u00e3o epistemol\u00f3gica e insurg\u00eancia pedag\u00f3gica. Esta edi\u00e7\u00e3o, em especial, confluir\u00e1 com o VII Encontro de Educa\u00e7\u00e3o Escolar Quilombola, entrela\u00e7ando-se em uma \u00fanica proposta formativa, pol\u00edtica, cultural e profundamente comprometida com a justi\u00e7a epist\u00eamica, com os direitos educacionais diversos e com a valoriza\u00e7\u00e3o dos saberes pluriversais.<\/p><p>\u00c9 um evento vinculado ao Programa de P\u00f3s-Gradua\u00e7\u00e3o em Educa\u00e7\u00e3o (PPGE), do Instituto de Educa\u00e7\u00e3o (IE) da UFMT. A cada ano, um ou mais grupos de estudos e pesquisas assumem a organiza\u00e7\u00e3o. Neste ano, a Prof.\u00aa Dr.\u00aa Suely Dulce de Castilho (GEPEQ\/UFMT) e o Prof. Dr. Edson Caetano (GEPTE\/UFMT) est\u00e3o na coordena\u00e7\u00e3o. Contam com o envolvimento ativo de docentes, discentes, t\u00e9cnicos(as) da UFMT, comunidades escolares quilombolas, comunidades escolares e conselhos de educa\u00e7\u00e3o ind\u00edgena, escolas campesinas, mestres e mestras dos saberes tradicionais e movimentos sociais. Dessa forma, o SemiEdu e o VII Encontro de Educa\u00e7\u00e3o Quilombola se reafirmam como lugar de produ\u00e7\u00e3o e trocas de conhecimentos, oriundos de outros lugares, outras concep\u00e7\u00f5es e outros sujeitos epist\u00eamicos.<\/p><p>Em 2025, o evento traz como tema central as conflu\u00eancias entre saberes quilombolas, ind\u00edgenas, campesinos e acad\u00eamicos na constru\u00e7\u00e3o de educa\u00e7\u00f5es decoloniais, reafirmando seu compromisso com a produ\u00e7\u00e3o de conhecimento situado, que emerge da territorialidade, do ch\u00e3o das escolas, das lutas dos povos, dos enfrentamentos cotidianos contra a colonialidade do poder, do saber e do ser. Por isso, o evento firma seu compromisso com uma forma\u00e7\u00e3o que reconhece e valoriza as pr\u00e1ticas docentes que insurgem dos territ\u00f3rios, que constroem redes de resist\u00eancia e que alicer\u00e7am outras possibilidades de exist\u00eancia educacional \u2013 baseadas na pluriversalidade, na ancestralidade e na justi\u00e7a cognitiva e curricular.<\/p>\t\t\t\t\t\t<\/div>\n\t\t\t\t<\/div>\n\t\t\t\t<\/div>\n\t\t<div class=\"elementor-element elementor-element-8b25a48 e-con-full e-flex e-con e-child\" data-id=\"8b25a48\" data-element_type=\"container\">\n\t\t\t\t<div class=\"elementor-element elementor-element-8c28064 elementor-widget elementor-widget-text-editor\" data-id=\"8c28064\" data-element_type=\"widget\" data-widget_type=\"text-editor.default\">\n\t\t\t\t<div class=\"elementor-widget-container\">\n\t\t\t\t\t\t\t<p><span style=\"letter-spacing: 0em;\">A programa\u00e7\u00e3o inclui confer\u00eancias, mesas de discuss\u00e3o, oficinas, apresenta\u00e7\u00f5es culturais, exposi\u00e7\u00f5es de produtos e artes \u00e9tnicas, comunica\u00e7\u00f5es cient\u00edficas em Grupos de Trabalho (GTs), o evento tensiona os saberes e pr\u00e1ticas escolares a partir de diferentes perspectivas: das tecnologias sociais ancestrais \u00e0s pedagogias da presen\u00e7a; das pol\u00edticas p\u00fablicas para povos origin\u00e1rios aos multiletramentos tradicionais. Toda a organiza\u00e7\u00e3o do evento \u00e9 colaborativa e territorializada. Buscar\u00e1 evidenciar o protagonismo de estudantes, professores\/as, gestores\/as, lideran\u00e7as comunit\u00e1rias dos territ\u00f3rios tradicionais e origin\u00e1rios e pesquisadoras\/es comprometidos com as lutas antirracistas e decoloniais.<\/span><\/p><p>A identidade visual do SemiEdu 2025 e do VII Encontro de Educa\u00e7\u00e3o Escolar Quilombola inspira-se no mapa invertido da Abya Yala (Am\u00e9rica Latina). Obra de Joaquim Torres Garcia (1943). A releitura sinaliza a urg\u00eancia de inverter os olhares, reorientar as produ\u00e7\u00f5es de sentidos; e reconhecer os saberes plurais na mesma simetria e import\u00e2ncia que se tem atribu\u00eddo aos saberes considerados \u201cuniversais\u201d. Ao se reconhecer como parte dessa geopol\u00edtica, o evento reafirma seu compromisso com a produ\u00e7\u00e3o de uma educa\u00e7\u00e3o radicalmente equ\u00e2nime, plural e enraizada nas sabedorias ancestrais, tradicionais ou recriadas; nas mem\u00f3rias de luta dos povos negros, quilombolas, ind\u00edgenas entre outras, e de suas resist\u00eancias.<\/p><p><span style=\"letter-spacing: 0em;\">Assim, nos dias 26, 27 e 28 de novembro de 2025, a UFMT, o PPGE, o SemiEdu e o VII Encontro de Educa\u00e7\u00e3o Escolar Quilombola convidam voc\u00ea para entrar neste c\u00edrculo de trocas de saberes e experi\u00eancias; denunciar as aus\u00eancias e anunciar possibilidades. Nesse contexto, o ch\u00e3o \u00e9 f\u00e9rtil e a esperan\u00e7a \u00e9 verbo em movimento.<\/span><\/p><p>Participe!<\/p><p><b>Suely Dulce de Castilho<br \/>Coordenadora geral<\/b><\/p>\t\t\t\t\t\t<\/div>\n\t\t\t\t<\/div>\n\t\t\t\t<\/div>\n\t\t\t\t\t<\/div>\n\t\t\t\t<\/div>\n\t\t<div class=\"elementor-element elementor-element-13609ad e-flex e-con-boxed e-con e-parent\" data-id=\"13609ad\" data-element_type=\"container\">\n\t\t\t\t\t<div class=\"e-con-inner\">\n\t\t<div class=\"elementor-element elementor-element-5b5bc30 e-con-full e-flex e-con e-child\" data-id=\"5b5bc30\" data-element_type=\"container\">\n\t\t\t\t<div class=\"elementor-element elementor-element-6ecc204 elementor-widget-divider--view-line elementor-widget elementor-widget-divider\" data-id=\"6ecc204\" data-element_type=\"widget\" data-widget_type=\"divider.default\">\n\t\t\t\t<div class=\"elementor-widget-container\">\n\t\t\t<style>\/*! elementor - v3.23.0 - 05-08-2024 *\/\n.elementor-widget-divider{--divider-border-style:none;--divider-border-width:1px;--divider-color:#0c0d0e;--divider-icon-size:20px;--divider-element-spacing:10px;--divider-pattern-height:24px;--divider-pattern-size:20px;--divider-pattern-url:none;--divider-pattern-repeat:repeat-x}.elementor-widget-divider .elementor-divider{display:flex}.elementor-widget-divider .elementor-divider__text{font-size:15px;line-height:1;max-width:95%}.elementor-widget-divider .elementor-divider__element{margin:0 var(--divider-element-spacing);flex-shrink:0}.elementor-widget-divider .elementor-icon{font-size:var(--divider-icon-size)}.elementor-widget-divider .elementor-divider-separator{display:flex;margin:0;direction:ltr}.elementor-widget-divider--view-line_icon .elementor-divider-separator,.elementor-widget-divider--view-line_text .elementor-divider-separator{align-items:center}.elementor-widget-divider--view-line_icon .elementor-divider-separator:after,.elementor-widget-divider--view-line_icon .elementor-divider-separator:before,.elementor-widget-divider--view-line_text .elementor-divider-separator:after,.elementor-widget-divider--view-line_text .elementor-divider-separator:before{display:block;content:\"\";border-block-end:0;flex-grow:1;border-block-start:var(--divider-border-width) var(--divider-border-style) var(--divider-color)}.elementor-widget-divider--element-align-left .elementor-divider .elementor-divider-separator>.elementor-divider__svg:first-of-type{flex-grow:0;flex-shrink:100}.elementor-widget-divider--element-align-left .elementor-divider-separator:before{content:none}.elementor-widget-divider--element-align-left .elementor-divider__element{margin-left:0}.elementor-widget-divider--element-align-right .elementor-divider .elementor-divider-separator>.elementor-divider__svg:last-of-type{flex-grow:0;flex-shrink:100}.elementor-widget-divider--element-align-right .elementor-divider-separator:after{content:none}.elementor-widget-divider--element-align-right .elementor-divider__element{margin-right:0}.elementor-widget-divider--element-align-start .elementor-divider .elementor-divider-separator>.elementor-divider__svg:first-of-type{flex-grow:0;flex-shrink:100}.elementor-widget-divider--element-align-start .elementor-divider-separator:before{content:none}.elementor-widget-divider--element-align-start .elementor-divider__element{margin-inline-start:0}.elementor-widget-divider--element-align-end .elementor-divider .elementor-divider-separator>.elementor-divider__svg:last-of-type{flex-grow:0;flex-shrink:100}.elementor-widget-divider--element-align-end .elementor-divider-separator:after{content:none}.elementor-widget-divider--element-align-end .elementor-divider__element{margin-inline-end:0}.elementor-widget-divider:not(.elementor-widget-divider--view-line_text):not(.elementor-widget-divider--view-line_icon) .elementor-divider-separator{border-block-start:var(--divider-border-width) var(--divider-border-style) var(--divider-color)}.elementor-widget-divider--separator-type-pattern{--divider-border-style:none}.elementor-widget-divider--separator-type-pattern.elementor-widget-divider--view-line .elementor-divider-separator,.elementor-widget-divider--separator-type-pattern:not(.elementor-widget-divider--view-line) .elementor-divider-separator:after,.elementor-widget-divider--separator-type-pattern:not(.elementor-widget-divider--view-line) .elementor-divider-separator:before,.elementor-widget-divider--separator-type-pattern:not([class*=elementor-widget-divider--view]) .elementor-divider-separator{width:100%;min-height:var(--divider-pattern-height);-webkit-mask-size:var(--divider-pattern-size) 100%;mask-size:var(--divider-pattern-size) 100%;-webkit-mask-repeat:var(--divider-pattern-repeat);mask-repeat:var(--divider-pattern-repeat);background-color:var(--divider-color);-webkit-mask-image:var(--divider-pattern-url);mask-image:var(--divider-pattern-url)}.elementor-widget-divider--no-spacing{--divider-pattern-size:auto}.elementor-widget-divider--bg-round{--divider-pattern-repeat:round}.rtl .elementor-widget-divider .elementor-divider__text{direction:rtl}.e-con-inner>.elementor-widget-divider,.e-con>.elementor-widget-divider{width:var(--container-widget-width,100%);--flex-grow:var(--container-widget-flex-grow)}<\/style>\t\t<div class=\"elementor-divider\">\n\t\t\t<span class=\"elementor-divider-separator\">\n\t\t\t\t\t\t<\/span>\n\t\t<\/div>\n\t\t\t\t<\/div>\n\t\t\t\t<\/div>\n\t\t\t\t<\/div>\n\t\t<div class=\"elementor-element elementor-element-ec6d270 e-con-full e-flex e-con e-child\" data-id=\"ec6d270\" data-element_type=\"container\">\n\t\t\t\t<div class=\"elementor-element elementor-element-1a0c521 elementor-widget elementor-widget-heading\" data-id=\"1a0c521\" data-element_type=\"widget\" data-widget_type=\"heading.default\">\n\t\t\t\t<div class=\"elementor-widget-container\">\n\t\t\t<h2 class=\"elementor-heading-title elementor-size-default\">Organiza\u00e7\u00e3o<\/h2>\t\t<\/div>\n\t\t\t\t<\/div>\n\t\t\t\t<\/div>\n\t\t<div class=\"elementor-element elementor-element-848a3c0 e-con-full e-flex e-con e-child\" data-id=\"848a3c0\" data-element_type=\"container\">\n\t\t\t\t<div class=\"elementor-element elementor-element-308f697 elementor-widget__width-initial elementor-widget elementor-widget-image\" data-id=\"308f697\" data-element_type=\"widget\" data-widget_type=\"image.default\">\n\t\t\t\t<div class=\"elementor-widget-container\">\n\t\t\t<style>\/*! elementor - v3.23.0 - 05-08-2024 *\/\n.elementor-widget-image{text-align:center}.elementor-widget-image a{display:inline-block}.elementor-widget-image a img[src$=\".svg\"]{width:48px}.elementor-widget-image img{vertical-align:middle;display:inline-block}<\/style>\t\t\t\t\t\t\t\t\t\t<img fetchpriority=\"high\" decoding=\"async\" width=\"768\" height=\"505\" src=\"https:\/\/setec.ufmt.br\/eventos\/semiedu2025\/wp-content\/uploads\/2025\/06\/1.-logo-gepeq-768x505.png\" class=\"attachment-medium_large size-medium_large wp-image-4808\" alt=\"\" srcset=\"https:\/\/setec.ufmt.br\/eventos\/semiedu2025\/wp-content\/uploads\/2025\/06\/1.-logo-gepeq-768x505.png 768w, https:\/\/setec.ufmt.br\/eventos\/semiedu2025\/wp-content\/uploads\/2025\/06\/1.-logo-gepeq-300x197.png 300w, https:\/\/setec.ufmt.br\/eventos\/semiedu2025\/wp-content\/uploads\/2025\/06\/1.-logo-gepeq-1024x674.png 1024w, https:\/\/setec.ufmt.br\/eventos\/semiedu2025\/wp-content\/uploads\/2025\/06\/1.-logo-gepeq.png 1199w\" sizes=\"(max-width: 768px) 100vw, 768px\" \/>\t\t\t\t\t\t\t\t\t\t\t\t\t<\/div>\n\t\t\t\t<\/div>\n\t\t\t\t<div class=\"elementor-element elementor-element-e17f3fa elementor-widget__width-initial elementor-widget-mobile__width-initial elementor-widget elementor-widget-image\" data-id=\"e17f3fa\" data-element_type=\"widget\" data-widget_type=\"image.default\">\n\t\t\t\t<div class=\"elementor-widget-container\">\n\t\t\t\t\t\t\t\t\t\t\t\t\t<img decoding=\"async\" width=\"768\" height=\"434\" src=\"https:\/\/setec.ufmt.br\/eventos\/semiedu2025\/wp-content\/uploads\/2025\/06\/2.-logo-gepte-768x434.png\" class=\"attachment-medium_large size-medium_large wp-image-4809\" alt=\"\" srcset=\"https:\/\/setec.ufmt.br\/eventos\/semiedu2025\/wp-content\/uploads\/2025\/06\/2.-logo-gepte-768x434.png 768w, https:\/\/setec.ufmt.br\/eventos\/semiedu2025\/wp-content\/uploads\/2025\/06\/2.-logo-gepte-300x169.png 300w, https:\/\/setec.ufmt.br\/eventos\/semiedu2025\/wp-content\/uploads\/2025\/06\/2.-logo-gepte.png 1004w\" sizes=\"(max-width: 768px) 100vw, 768px\" \/>\t\t\t\t\t\t\t\t\t\t\t\t\t<\/div>\n\t\t\t\t<\/div>\n\t\t\t\t<div class=\"elementor-element elementor-element-e5557ae elementor-widget__width-initial elementor-widget elementor-widget-image\" data-id=\"e5557ae\" data-element_type=\"widget\" data-widget_type=\"image.default\">\n\t\t\t\t<div class=\"elementor-widget-container\">\n\t\t\t\t\t\t\t\t\t\t\t\t\t\t<a href=\"https:\/\/www.ufmt.br\/curso\/ppge\/pagina\/ppge\/5533\" target=\"_blank\">\n\t\t\t\t\t\t\t<img decoding=\"async\" width=\"300\" height=\"144\" src=\"https:\/\/setec.ufmt.br\/eventos\/semiedu2025\/wp-content\/uploads\/2023\/10\/ppge-ufmt-300x144.png\" class=\"attachment-medium size-medium wp-image-2310\" alt=\"\" srcset=\"https:\/\/setec.ufmt.br\/eventos\/semiedu2025\/wp-content\/uploads\/2023\/10\/ppge-ufmt-300x144.png 300w, https:\/\/setec.ufmt.br\/eventos\/semiedu2025\/wp-content\/uploads\/2023\/10\/ppge-ufmt.png 625w\" sizes=\"(max-width: 300px) 100vw, 300px\" \/>\t\t\t\t\t\t\t\t<\/a>\n\t\t\t\t\t\t\t\t\t\t\t\t\t<\/div>\n\t\t\t\t<\/div>\n\t\t\t\t<div class=\"elementor-element elementor-element-1c3a16a elementor-widget__width-initial elementor-widget-mobile__width-initial elementor-widget elementor-widget-image\" data-id=\"1c3a16a\" data-element_type=\"widget\" data-widget_type=\"image.default\">\n\t\t\t\t<div class=\"elementor-widget-container\">\n\t\t\t\t\t\t\t\t\t\t\t\t\t\t<a href=\"https:\/\/www.ufmt.br\/\" target=\"_blank\">\n\t\t\t\t\t\t\t<img loading=\"lazy\" decoding=\"async\" width=\"300\" height=\"300\" src=\"https:\/\/setec.ufmt.br\/eventos\/semiedu2025\/wp-content\/uploads\/2023\/10\/ufmt-semiedu2.png\" class=\"attachment-medium size-medium wp-image-2223\" alt=\"\" srcset=\"https:\/\/setec.ufmt.br\/eventos\/semiedu2025\/wp-content\/uploads\/2023\/10\/ufmt-semiedu2.png 300w, https:\/\/setec.ufmt.br\/eventos\/semiedu2025\/wp-content\/uploads\/2023\/10\/ufmt-semiedu2-150x150.png 150w, https:\/\/setec.ufmt.br\/eventos\/semiedu2025\/wp-content\/uploads\/2023\/10\/ufmt-semiedu2-160x160.png 160w\" sizes=\"(max-width: 300px) 100vw, 300px\" \/>\t\t\t\t\t\t\t\t<\/a>\n\t\t\t\t\t\t\t\t\t\t\t\t\t<\/div>\n\t\t\t\t<\/div>\n\t\t\t\t<\/div>\n\t\t<div class=\"elementor-element elementor-element-50b26c7 e-con-full e-flex e-con e-child\" data-id=\"50b26c7\" data-element_type=\"container\">\n\t\t\t\t<\/div>\n\t\t<div class=\"elementor-element elementor-element-25c65ac e-flex e-con-boxed e-con e-child\" data-id=\"25c65ac\" data-element_type=\"container\">\n\t\t\t\t\t<div class=\"e-con-inner\">\n\t\t<div class=\"elementor-element elementor-element-c7df789 e-con-full e-flex e-con e-child\" data-id=\"c7df789\" data-element_type=\"container\">\n\t\t\t\t<div class=\"elementor-element elementor-element-b2dce94 elementor-widget elementor-widget-heading\" data-id=\"b2dce94\" data-element_type=\"widget\" data-widget_type=\"heading.default\">\n\t\t\t\t<div class=\"elementor-widget-container\">\n\t\t\t<h2 class=\"elementor-heading-title elementor-size-default\">Apoio<\/h2>\t\t<\/div>\n\t\t\t\t<\/div>\n\t\t\t\t<\/div>\n\t\t<div class=\"elementor-element elementor-element-dd79f8f e-con-full e-flex e-con e-child\" data-id=\"dd79f8f\" data-element_type=\"container\">\n\t\t\t\t<div class=\"elementor-element elementor-element-32f47db elementor-widget__width-initial elementor-widget elementor-widget-image\" data-id=\"32f47db\" data-element_type=\"widget\" data-widget_type=\"image.default\">\n\t\t\t\t<div class=\"elementor-widget-container\">\n\t\t\t\t\t\t\t\t\t\t\t\t\t\t<a href=\"https:\/\/www3.seduc.mt.gov.br\/inicio\">\n\t\t\t\t\t\t\t<img loading=\"lazy\" decoding=\"async\" width=\"300\" height=\"61\" src=\"https:\/\/setec.ufmt.br\/eventos\/semiedu2025\/wp-content\/uploads\/2025\/08\/01.png\" class=\"attachment-medium size-medium wp-image-5564\" alt=\"\" \/>\t\t\t\t\t\t\t\t<\/a>\n\t\t\t\t\t\t\t\t\t\t\t\t\t<\/div>\n\t\t\t\t<\/div>\n\t\t\t\t<div class=\"elementor-element elementor-element-a13cb87 elementor-widget__width-initial elementor-widget-mobile__width-initial elementor-widget elementor-widget-image\" data-id=\"a13cb87\" data-element_type=\"widget\" data-widget_type=\"image.default\">\n\t\t\t\t<div class=\"elementor-widget-container\">\n\t\t\t\t\t\t\t\t\t\t\t\t\t\t<a href=\"https:\/\/ifmt.edu.br\/\" target=\"_blank\">\n\t\t\t\t\t\t\t<img loading=\"lazy\" decoding=\"async\" width=\"247\" height=\"300\" src=\"https:\/\/setec.ufmt.br\/eventos\/semiedu2025\/wp-content\/uploads\/2025\/08\/02-247x300.png\" class=\"attachment-medium size-medium wp-image-5565\" alt=\"\" srcset=\"https:\/\/setec.ufmt.br\/eventos\/semiedu2025\/wp-content\/uploads\/2025\/08\/02-247x300.png 247w, https:\/\/setec.ufmt.br\/eventos\/semiedu2025\/wp-content\/uploads\/2025\/08\/02-843x1024.png 843w, https:\/\/setec.ufmt.br\/eventos\/semiedu2025\/wp-content\/uploads\/2025\/08\/02-768x933.png 768w, https:\/\/setec.ufmt.br\/eventos\/semiedu2025\/wp-content\/uploads\/2025\/08\/02-1265x1536.png 1265w, https:\/\/setec.ufmt.br\/eventos\/semiedu2025\/wp-content\/uploads\/2025\/08\/02-1686x2048.png 1686w\" sizes=\"(max-width: 247px) 100vw, 247px\" \/>\t\t\t\t\t\t\t\t<\/a>\n\t\t\t\t\t\t\t\t\t\t\t\t\t<\/div>\n\t\t\t\t<\/div>\n\t\t\t\t<div class=\"elementor-element elementor-element-82d8015 elementor-widget__width-initial elementor-widget elementor-widget-image\" data-id=\"82d8015\" data-element_type=\"widget\" data-widget_type=\"image.default\">\n\t\t\t\t<div class=\"elementor-widget-container\">\n\t\t\t\t\t\t\t\t\t\t\t\t\t\t<a href=\"https:\/\/web.fundacaouniselva.org.br\/\" target=\"_blank\">\n\t\t\t\t\t\t\t<img loading=\"lazy\" decoding=\"async\" width=\"300\" height=\"204\" src=\"https:\/\/setec.ufmt.br\/eventos\/semiedu2025\/wp-content\/uploads\/2024\/09\/logo-uniselva-300x204.png\" class=\"attachment-medium size-medium wp-image-4530\" alt=\"\" srcset=\"https:\/\/setec.ufmt.br\/eventos\/semiedu2025\/wp-content\/uploads\/2024\/09\/logo-uniselva-300x204.png 300w, https:\/\/setec.ufmt.br\/eventos\/semiedu2025\/wp-content\/uploads\/2024\/09\/logo-uniselva.png 444w\" sizes=\"(max-width: 300px) 100vw, 300px\" \/>\t\t\t\t\t\t\t\t<\/a>\n\t\t\t\t\t\t\t\t\t\t\t\t\t<\/div>\n\t\t\t\t<\/div>\n\t\t\t\t<div class=\"elementor-element elementor-element-93e1217 elementor-widget__width-initial elementor-widget-mobile__width-initial elementor-widget elementor-widget-image\" data-id=\"93e1217\" data-element_type=\"widget\" data-widget_type=\"image.default\">\n\t\t\t\t<div class=\"elementor-widget-container\">\n\t\t\t\t\t\t\t\t\t\t\t\t\t\t<a href=\"https:\/\/www.gov.br\/capes\/pt-br\" target=\"_blank\">\n\t\t\t\t\t\t\t<img loading=\"lazy\" decoding=\"async\" width=\"180\" height=\"163\" src=\"https:\/\/setec.ufmt.br\/eventos\/semiedu2025\/wp-content\/uploads\/2024\/09\/capes.png\" class=\"attachment-medium size-medium wp-image-4518\" alt=\"\" \/>\t\t\t\t\t\t\t\t<\/a>\n\t\t\t\t\t\t\t\t\t\t\t\t\t<\/div>\n\t\t\t\t<\/div>\n\t\t\t\t<div class=\"elementor-element elementor-element-59d1e69 elementor-widget__width-initial elementor-widget-mobile__width-initial elementor-widget elementor-widget-image\" data-id=\"59d1e69\" data-element_type=\"widget\" data-widget_type=\"image.default\">\n\t\t\t\t<div class=\"elementor-widget-container\">\n\t\t\t\t\t\t\t\t\t\t\t\t\t\t<a href=\"https:\/\/www.tjmt.jus.br\/\" target=\"_blank\">\n\t\t\t\t\t\t\t<img loading=\"lazy\" decoding=\"async\" width=\"300\" height=\"235\" src=\"https:\/\/setec.ufmt.br\/eventos\/semiedu2025\/wp-content\/uploads\/2025\/09\/quinta-posicao-300x235.png\" class=\"attachment-medium size-medium wp-image-5652\" alt=\"\" srcset=\"https:\/\/setec.ufmt.br\/eventos\/semiedu2025\/wp-content\/uploads\/2025\/09\/quinta-posicao-300x235.png 300w, https:\/\/setec.ufmt.br\/eventos\/semiedu2025\/wp-content\/uploads\/2025\/09\/quinta-posicao-1024x801.png 1024w, https:\/\/setec.ufmt.br\/eventos\/semiedu2025\/wp-content\/uploads\/2025\/09\/quinta-posicao-768x601.png 768w, https:\/\/setec.ufmt.br\/eventos\/semiedu2025\/wp-content\/uploads\/2025\/09\/quinta-posicao-1536x1202.png 1536w\" sizes=\"(max-width: 300px) 100vw, 300px\" \/>\t\t\t\t\t\t\t\t<\/a>\n\t\t\t\t\t\t\t\t\t\t\t\t\t<\/div>\n\t\t\t\t<\/div>\n\t\t\t\t<\/div>\n\t\t<div class=\"elementor-element elementor-element-1ffb5d8 e-con-full e-flex e-con e-child\" data-id=\"1ffb5d8\" data-element_type=\"container\">\n\t\t\t\t<div class=\"elementor-element elementor-element-2ef7caf elementor-widget__width-initial elementor-widget elementor-widget-image\" data-id=\"2ef7caf\" data-element_type=\"widget\" data-widget_type=\"image.default\">\n\t\t\t\t<div class=\"elementor-widget-container\">\n\t\t\t\t\t\t\t\t\t\t\t\t\t\t<a href=\"https:\/\/www.adufmat.org.br\/\">\n\t\t\t\t\t\t\t<img loading=\"lazy\" decoding=\"async\" width=\"300\" height=\"242\" src=\"https:\/\/setec.ufmt.br\/eventos\/semiedu2025\/wp-content\/uploads\/2025\/08\/05-1-300x242.png\" class=\"attachment-medium size-medium wp-image-5581\" alt=\"\" srcset=\"https:\/\/setec.ufmt.br\/eventos\/semiedu2025\/wp-content\/uploads\/2025\/08\/05-1-300x242.png 300w, https:\/\/setec.ufmt.br\/eventos\/semiedu2025\/wp-content\/uploads\/2025\/08\/05-1-1024x825.png 1024w, https:\/\/setec.ufmt.br\/eventos\/semiedu2025\/wp-content\/uploads\/2025\/08\/05-1-768x619.png 768w, https:\/\/setec.ufmt.br\/eventos\/semiedu2025\/wp-content\/uploads\/2025\/08\/05-1-1536x1238.png 1536w\" sizes=\"(max-width: 300px) 100vw, 300px\" \/>\t\t\t\t\t\t\t\t<\/a>\n\t\t\t\t\t\t\t\t\t\t\t\t\t<\/div>\n\t\t\t\t<\/div>\n\t\t\t\t<div class=\"elementor-element elementor-element-7c07991 elementor-widget__width-initial elementor-widget elementor-widget-image\" data-id=\"7c07991\" data-element_type=\"widget\" data-widget_type=\"image.default\">\n\t\t\t\t<div class=\"elementor-widget-container\">\n\t\t\t\t\t\t\t\t\t\t\t\t\t\t<a href=\"https:\/\/sintufmt.org.br\/\">\n\t\t\t\t\t\t\t<img loading=\"lazy\" decoding=\"async\" width=\"300\" height=\"208\" src=\"https:\/\/setec.ufmt.br\/eventos\/semiedu2025\/wp-content\/uploads\/2025\/08\/06-1-300x208.png\" class=\"attachment-medium size-medium wp-image-5582\" alt=\"\" srcset=\"https:\/\/setec.ufmt.br\/eventos\/semiedu2025\/wp-content\/uploads\/2025\/08\/06-1-300x208.png 300w, https:\/\/setec.ufmt.br\/eventos\/semiedu2025\/wp-content\/uploads\/2025\/08\/06-1-1024x711.png 1024w, https:\/\/setec.ufmt.br\/eventos\/semiedu2025\/wp-content\/uploads\/2025\/08\/06-1-768x533.png 768w, https:\/\/setec.ufmt.br\/eventos\/semiedu2025\/wp-content\/uploads\/2025\/08\/06-1-1536x1066.png 1536w\" sizes=\"(max-width: 300px) 100vw, 300px\" \/>\t\t\t\t\t\t\t\t<\/a>\n\t\t\t\t\t\t\t\t\t\t\t\t\t<\/div>\n\t\t\t\t<\/div>\n\t\t\t\t<div class=\"elementor-element elementor-element-e4d6b72 elementor-widget__width-initial elementor-widget-mobile__width-initial elementor-widget elementor-widget-image\" data-id=\"e4d6b72\" data-element_type=\"widget\" data-widget_type=\"image.default\">\n\t\t\t\t<div class=\"elementor-widget-container\">\n\t\t\t\t\t\t\t\t\t\t\t\t\t\t<a href=\"https:\/\/www.edufmt.com.br\/\" target=\"_blank\">\n\t\t\t\t\t\t\t<img loading=\"lazy\" decoding=\"async\" width=\"300\" height=\"163\" src=\"https:\/\/setec.ufmt.br\/eventos\/semiedu2025\/wp-content\/uploads\/2025\/08\/07-300x163.png\" class=\"attachment-medium size-medium wp-image-5572\" alt=\"\" srcset=\"https:\/\/setec.ufmt.br\/eventos\/semiedu2025\/wp-content\/uploads\/2025\/08\/07-300x163.png 300w, https:\/\/setec.ufmt.br\/eventos\/semiedu2025\/wp-content\/uploads\/2025\/08\/07-1024x557.png 1024w, https:\/\/setec.ufmt.br\/eventos\/semiedu2025\/wp-content\/uploads\/2025\/08\/07-768x418.png 768w, https:\/\/setec.ufmt.br\/eventos\/semiedu2025\/wp-content\/uploads\/2025\/08\/07-1536x835.png 1536w, https:\/\/setec.ufmt.br\/eventos\/semiedu2025\/wp-content\/uploads\/2025\/08\/07-2048x1114.png 2048w\" sizes=\"(max-width: 300px) 100vw, 300px\" \/>\t\t\t\t\t\t\t\t<\/a>\n\t\t\t\t\t\t\t\t\t\t\t\t\t<\/div>\n\t\t\t\t<\/div>\n\t\t\t\t<div class=\"elementor-element elementor-element-9dd5424 elementor-widget__width-initial elementor-widget elementor-widget-image\" data-id=\"9dd5424\" data-element_type=\"widget\" data-widget_type=\"image.default\">\n\t\t\t\t<div class=\"elementor-widget-container\">\n\t\t\t\t\t\t\t\t\t\t\t\t\t\t<a href=\"https:\/\/www.nossasenhoradolivramento.mt.gov.br\/\">\n\t\t\t\t\t\t\t<img loading=\"lazy\" decoding=\"async\" width=\"300\" height=\"277\" src=\"https:\/\/setec.ufmt.br\/eventos\/semiedu2025\/wp-content\/uploads\/2025\/08\/08-300x277.png\" class=\"attachment-medium size-medium wp-image-5579\" alt=\"\" srcset=\"https:\/\/setec.ufmt.br\/eventos\/semiedu2025\/wp-content\/uploads\/2025\/08\/08-300x277.png 300w, https:\/\/setec.ufmt.br\/eventos\/semiedu2025\/wp-content\/uploads\/2025\/08\/08-1024x944.png 1024w, https:\/\/setec.ufmt.br\/eventos\/semiedu2025\/wp-content\/uploads\/2025\/08\/08-768x708.png 768w, https:\/\/setec.ufmt.br\/eventos\/semiedu2025\/wp-content\/uploads\/2025\/08\/08-1536x1416.png 1536w\" sizes=\"(max-width: 300px) 100vw, 300px\" \/>\t\t\t\t\t\t\t\t<\/a>\n\t\t\t\t\t\t\t\t\t\t\t\t\t<\/div>\n\t\t\t\t<\/div>\n\t\t\t\t<div class=\"elementor-element elementor-element-155cf51 elementor-widget__width-initial elementor-widget elementor-widget-image\" data-id=\"155cf51\" data-element_type=\"widget\" data-widget_type=\"image.default\">\n\t\t\t\t<div class=\"elementor-widget-container\">\n\t\t\t\t\t\t\t\t\t\t\t\t\t\t<a href=\"https:\/\/virtucomunicacao.com.br\/\">\n\t\t\t\t\t\t\t<img loading=\"lazy\" decoding=\"async\" width=\"300\" height=\"257\" src=\"https:\/\/setec.ufmt.br\/eventos\/semiedu2025\/wp-content\/uploads\/2025\/08\/09-300x257.png\" class=\"attachment-medium size-medium wp-image-5580\" alt=\"\" srcset=\"https:\/\/setec.ufmt.br\/eventos\/semiedu2025\/wp-content\/uploads\/2025\/08\/09-300x257.png 300w, https:\/\/setec.ufmt.br\/eventos\/semiedu2025\/wp-content\/uploads\/2025\/08\/09-1024x879.png 1024w, https:\/\/setec.ufmt.br\/eventos\/semiedu2025\/wp-content\/uploads\/2025\/08\/09-768x659.png 768w, https:\/\/setec.ufmt.br\/eventos\/semiedu2025\/wp-content\/uploads\/2025\/08\/09-1536x1318.png 1536w\" sizes=\"(max-width: 300px) 100vw, 300px\" \/>\t\t\t\t\t\t\t\t<\/a>\n\t\t\t\t\t\t\t\t\t\t\t\t\t<\/div>\n\t\t\t\t<\/div>\n\t\t\t\t<\/div>\n\t\t<div class=\"elementor-element elementor-element-3720c15 e-con-full e-flex e-con e-child\" data-id=\"3720c15\" data-element_type=\"container\">\n\t\t\t\t<div class=\"elementor-element elementor-element-5571691 elementor-widget__width-initial elementor-widget elementor-widget-image\" data-id=\"5571691\" data-element_type=\"widget\" data-widget_type=\"image.default\">\n\t\t\t\t<div class=\"elementor-widget-container\">\n\t\t\t\t\t\t\t\t\t\t\t\t\t\t<a href=\"https:\/\/deputadovaldirbarranco.com.br\/\">\n\t\t\t\t\t\t\t<img loading=\"lazy\" decoding=\"async\" width=\"300\" height=\"82\" src=\"https:\/\/setec.ufmt.br\/eventos\/semiedu2025\/wp-content\/uploads\/2025\/08\/10-300x82.png\" class=\"attachment-medium size-medium wp-image-5589\" alt=\"\" srcset=\"https:\/\/setec.ufmt.br\/eventos\/semiedu2025\/wp-content\/uploads\/2025\/08\/10-300x82.png 300w, https:\/\/setec.ufmt.br\/eventos\/semiedu2025\/wp-content\/uploads\/2025\/08\/10-1024x280.png 1024w, https:\/\/setec.ufmt.br\/eventos\/semiedu2025\/wp-content\/uploads\/2025\/08\/10-768x210.png 768w, https:\/\/setec.ufmt.br\/eventos\/semiedu2025\/wp-content\/uploads\/2025\/08\/10-1536x420.png 1536w, https:\/\/setec.ufmt.br\/eventos\/semiedu2025\/wp-content\/uploads\/2025\/08\/10-2048x560.png 2048w\" sizes=\"(max-width: 300px) 100vw, 300px\" \/>\t\t\t\t\t\t\t\t<\/a>\n\t\t\t\t\t\t\t\t\t\t\t\t\t<\/div>\n\t\t\t\t<\/div>\n\t\t\t\t<div class=\"elementor-element elementor-element-bbc6249 elementor-widget__width-initial elementor-widget elementor-widget-image\" data-id=\"bbc6249\" data-element_type=\"widget\" data-widget_type=\"image.default\">\n\t\t\t\t<div class=\"elementor-widget-container\">\n\t\t\t\t\t\t\t\t\t\t\t\t\t<img loading=\"lazy\" decoding=\"async\" width=\"239\" height=\"300\" src=\"https:\/\/setec.ufmt.br\/eventos\/semiedu2025\/wp-content\/uploads\/2025\/08\/11-239x300.png\" class=\"attachment-medium size-medium wp-image-5590\" alt=\"\" srcset=\"https:\/\/setec.ufmt.br\/eventos\/semiedu2025\/wp-content\/uploads\/2025\/08\/11-239x300.png 239w, https:\/\/setec.ufmt.br\/eventos\/semiedu2025\/wp-content\/uploads\/2025\/08\/11-814x1024.png 814w, https:\/\/setec.ufmt.br\/eventos\/semiedu2025\/wp-content\/uploads\/2025\/08\/11-768x966.png 768w, https:\/\/setec.ufmt.br\/eventos\/semiedu2025\/wp-content\/uploads\/2025\/08\/11-1221x1536.png 1221w, https:\/\/setec.ufmt.br\/eventos\/semiedu2025\/wp-content\/uploads\/2025\/08\/11-1628x2048.png 1628w\" sizes=\"(max-width: 239px) 100vw, 239px\" \/>\t\t\t\t\t\t\t\t\t\t\t\t\t<\/div>\n\t\t\t\t<\/div>\n\t\t\t\t<div class=\"elementor-element elementor-element-00146c0 elementor-widget__width-initial elementor-widget elementor-widget-image\" data-id=\"00146c0\" data-element_type=\"widget\" data-widget_type=\"image.default\">\n\t\t\t\t<div class=\"elementor-widget-container\">\n\t\t\t\t\t\t\t\t\t\t\t\t\t\t<a href=\"http:\/\/www.purissima.com.br\/\">\n\t\t\t\t\t\t\t<img loading=\"lazy\" decoding=\"async\" width=\"300\" height=\"178\" src=\"https:\/\/setec.ufmt.br\/eventos\/semiedu2025\/wp-content\/uploads\/2025\/08\/12-300x178.png\" class=\"attachment-medium size-medium wp-image-5591\" alt=\"\" srcset=\"https:\/\/setec.ufmt.br\/eventos\/semiedu2025\/wp-content\/uploads\/2025\/08\/12-300x178.png 300w, https:\/\/setec.ufmt.br\/eventos\/semiedu2025\/wp-content\/uploads\/2025\/08\/12-1024x609.png 1024w, https:\/\/setec.ufmt.br\/eventos\/semiedu2025\/wp-content\/uploads\/2025\/08\/12-768x457.png 768w, https:\/\/setec.ufmt.br\/eventos\/semiedu2025\/wp-content\/uploads\/2025\/08\/12-1536x914.png 1536w\" sizes=\"(max-width: 300px) 100vw, 300px\" \/>\t\t\t\t\t\t\t\t<\/a>\n\t\t\t\t\t\t\t\t\t\t\t\t\t<\/div>\n\t\t\t\t<\/div>\n\t\t\t\t<\/div>\n\t\t\t\t\t<\/div>\n\t\t\t\t<\/div>\n\t\t\t\t\t<\/div>\n\t\t\t\t<\/div>\n\t\t<div class=\"elementor-element elementor-element-3380203 elementor-hidden-desktop elementor-hidden-tablet elementor-hidden-mobile e-flex e-con-boxed e-con e-parent\" data-id=\"3380203\" data-element_type=\"container\">\n\t\t\t\t\t<div class=\"e-con-inner\">\n\t\t\t\t<div class=\"elementor-element elementor-element-753b712 elementor-widget elementor-widget-heading\" data-id=\"753b712\" data-element_type=\"widget\" data-widget_type=\"heading.default\">\n\t\t\t\t<div class=\"elementor-widget-container\">\n\t\t\t<h6 class=\"elementor-heading-title elementor-size-default\">* DESCONTOS EXCLUSIVOS AOS PARTICIPANTES  (SEMIEDU 2024)<\/h6>\t\t<\/div>\n\t\t\t\t<\/div>\n\t\t\t\t\t<\/div>\n\t\t\t\t<\/div>\n\t\t<div class=\"elementor-element elementor-element-d3401c2 elementor-hidden-desktop elementor-hidden-tablet elementor-hidden-mobile e-flex e-con-boxed e-con e-parent\" data-id=\"d3401c2\" data-element_type=\"container\">\n\t\t\t\t\t<div class=\"e-con-inner\">\n\t\t\t\t<div class=\"elementor-element elementor-element-6ac0f34 elementor-widget elementor-widget-text-editor\" data-id=\"6ac0f34\" data-element_type=\"widget\" data-widget_type=\"text-editor.default\">\n\t\t\t\t<div class=\"elementor-widget-container\">\n\t\t\t\t\t\t\t<p data-renderer-start-pos=\"290\">(Ser\u00e1 necess\u00e1rio apresentar o crach\u00e1 do evento)<\/p><p><strong data-renderer-mark=\"true\">Churrascaria JP Steak House:<\/strong> dias 11, 12 e 13 de novembro, almo\u00e7o por R$ 64,90 e jantar por R$ 49,90;<\/p><p><strong data-renderer-mark=\"true\">Casa 7:<\/strong> dias 12 e 13 de novembro, 25% de desconto no hor\u00e1rio do almo\u00e7o;<\/p><p><strong data-renderer-mark=\"true\">Peixaria Primus:<\/strong> dias 12 e 13 de novembro, 10% de desconto no hor\u00e1rio do almo\u00e7o<\/p>\t\t\t\t\t\t<\/div>\n\t\t\t\t<\/div>\n\t\t\t\t\t<\/div>\n\t\t\t\t<\/div>\n\t\t<div class=\"elementor-element elementor-element-6ff9b64 e-flex e-con-boxed e-con e-parent\" data-id=\"6ff9b64\" data-element_type=\"container\">\n\t\t\t\t\t<div class=\"e-con-inner\">\n\t\t\t\t\t<\/div>\n\t\t\t\t<\/div>\n\t\t<div class=\"elementor-element elementor-element-b4e4ddc e-flex e-con-boxed e-con e-parent\" data-id=\"b4e4ddc\" data-element_type=\"container\">\n\t\t\t\t\t<div class=\"e-con-inner\">\n\t\t\t\t\t<\/div>\n\t\t\t\t<\/div>\n\t\t\t\t<\/div>\n\t\t","protected":false},"excerpt":{"rendered":"<p>26, 27 e 28 de Novembro Semin\u00e1rio de Educa\u00e7\u00e3o 2025 VII Encontro de Educa\u00e7\u00e30 Escolar Quilombola Conflu\u00eancias entre saberes quilombolas, ind\u00edgenas, campesinos e acad\u00eamicos na constru\u00e7\u00e3o de educa\u00e7\u00f5es decoloniais Programa\u00e7\u00e3o Geral BOAS-VINDAS O Semin\u00e1rio de [&hellip;]<\/p>\n","protected":false},"author":1076,"featured_media":0,"parent":0,"menu_order":0,"comment_status":"closed","ping_status":"closed","template":"templates\/template-fullwidth.php","meta":{"footnotes":""},"class_list":["post-629","page","type-page","status-publish","hentry"],"_links":{"self":[{"href":"https:\/\/setec.ufmt.br\/eventos\/semiedu2025\/wp-json\/wp\/v2\/pages\/629"}],"collection":[{"href":"https:\/\/setec.ufmt.br\/eventos\/semiedu2025\/wp-json\/wp\/v2\/pages"}],"about":[{"href":"https:\/\/setec.ufmt.br\/eventos\/semiedu2025\/wp-json\/wp\/v2\/types\/page"}],"author":[{"embeddable":true,"href":"https:\/\/setec.ufmt.br\/eventos\/semiedu2025\/wp-json\/wp\/v2\/users\/1076"}],"replies":[{"embeddable":true,"href":"https:\/\/setec.ufmt.br\/eventos\/semiedu2025\/wp-json\/wp\/v2\/comments?post=629"}],"version-history":[{"count":800,"href":"https:\/\/setec.ufmt.br\/eventos\/semiedu2025\/wp-json\/wp\/v2\/pages\/629\/revisions"}],"predecessor-version":[{"id":5773,"href":"https:\/\/setec.ufmt.br\/eventos\/semiedu2025\/wp-json\/wp\/v2\/pages\/629\/revisions\/5773"}],"wp:attachment":[{"href":"https:\/\/setec.ufmt.br\/eventos\/semiedu2025\/wp-json\/wp\/v2\/media?parent=629"}],"curies":[{"name":"wp","href":"https:\/\/api.w.org\/{rel}","templated":true}]}}