{"id":5500,"date":"2025-07-24T18:46:12","date_gmt":"2025-07-24T22:46:12","guid":{"rendered":"https:\/\/setec.ufmt.br\/eventos\/semiedu2025\/?page_id=5500"},"modified":"2025-07-24T18:59:11","modified_gmt":"2025-07-24T22:59:11","slug":"grupos-de-trabalho-gt-vii-encontro-quilombola","status":"publish","type":"page","link":"https:\/\/setec.ufmt.br\/eventos\/semiedu2025\/grupos-de-trabalho-gt-vii-encontro-quilombola\/","title":{"rendered":"GRUPOS DE TRABALHO &#8211; GT VII ENCONTRO QUILOMBOLA"},"content":{"rendered":"\t\t<div data-elementor-type=\"wp-page\" data-elementor-id=\"5500\" class=\"elementor elementor-5500\" data-elementor-post-type=\"page\">\n\t\t\t\t<div class=\"elementor-element elementor-element-caedd5a e-flex e-con-boxed e-con e-parent\" data-id=\"caedd5a\" data-element_type=\"container\">\n\t\t\t\t\t<div class=\"e-con-inner\">\n\t\t\t\t<div class=\"elementor-element elementor-element-f1c1028 elementor-widget elementor-widget-accordion\" data-id=\"f1c1028\" data-element_type=\"widget\" commissao=\"\" data-widget_type=\"accordion.default\">\n\t\t\t\t<div class=\"elementor-widget-container\">\n\t\t\t<style>\/*! elementor - v3.23.0 - 05-08-2024 *\/\n.elementor-accordion{text-align:start}.elementor-accordion .elementor-accordion-item{border:1px solid #d5d8dc}.elementor-accordion .elementor-accordion-item+.elementor-accordion-item{border-top:none}.elementor-accordion .elementor-tab-title{margin:0;padding:15px 20px;font-weight:700;line-height:1;cursor:pointer;outline:none}.elementor-accordion .elementor-tab-title .elementor-accordion-icon{display:inline-block;width:1.5em}.elementor-accordion .elementor-tab-title .elementor-accordion-icon svg{width:1em;height:1em}.elementor-accordion .elementor-tab-title .elementor-accordion-icon.elementor-accordion-icon-right{float:right;text-align:right}.elementor-accordion .elementor-tab-title .elementor-accordion-icon.elementor-accordion-icon-left{float:left;text-align:left}.elementor-accordion .elementor-tab-title .elementor-accordion-icon .elementor-accordion-icon-closed{display:block}.elementor-accordion .elementor-tab-title .elementor-accordion-icon .elementor-accordion-icon-opened,.elementor-accordion .elementor-tab-title.elementor-active .elementor-accordion-icon-closed{display:none}.elementor-accordion .elementor-tab-title.elementor-active .elementor-accordion-icon-opened{display:block}.elementor-accordion .elementor-tab-content{display:none;padding:15px 20px;border-top:1px solid #d5d8dc}@media (max-width:767px){.elementor-accordion .elementor-tab-title{padding:12px 15px}.elementor-accordion .elementor-tab-title .elementor-accordion-icon{width:1.2em}.elementor-accordion .elementor-tab-content{padding:7px 15px}}.e-con-inner>.elementor-widget-accordion,.e-con>.elementor-widget-accordion{width:var(--container-widget-width);--flex-grow:var(--container-widget-flex-grow)}<\/style>\t\t<div class=\"elementor-accordion\">\n\t\t\t\t\t\t\t<div class=\"elementor-accordion-item\">\n\t\t\t\t\t<div id=\"elementor-tab-title-2531\" class=\"elementor-tab-title\" data-tab=\"1\" role=\"button\" aria-controls=\"elementor-tab-content-2531\" aria-expanded=\"false\">\n\t\t\t\t\t\t\t\t\t\t\t\t\t<span class=\"elementor-accordion-icon elementor-accordion-icon-left\" aria-hidden=\"true\">\n\t\t\t\t\t\t\t\t\t\t\t\t\t\t\t<span class=\"elementor-accordion-icon-closed\"><i class=\"fas fa-users\"><\/i><\/span>\n\t\t\t\t\t\t\t\t<span class=\"elementor-accordion-icon-opened\"><i class=\"fas fa-users\"><\/i><\/span>\n\t\t\t\t\t\t\t\t\t\t\t\t\t\t<\/span>\n\t\t\t\t\t\t\t\t\t\t\t\t<a class=\"elementor-accordion-title\" tabindex=\"0\">GT-1 CI\u00caNCIAS E SABERES QUILOMBOLAS<\/a>\n\t\t\t\t\t<\/div>\n\t\t\t\t\t<div id=\"elementor-tab-content-2531\" class=\"elementor-tab-content elementor-clearfix\" data-tab=\"1\" role=\"region\" aria-labelledby=\"elementor-tab-title-2531\"><p><strong>Ementa: <\/strong>Este Grupo de Trabalho tem como objetivo promover reflex\u00f5es cr\u00edticas sobre as m\u00faltiplas formas de produ\u00e7\u00e3o de saberes presentes nos territ\u00f3rios quilombolas, valorizando os saberes ancestrais, as pr\u00e1ticas culturais e as epistemologias pr\u00f3prias desses territ\u00f3rios, em conson\u00e2ncia com as diretrizes curriculares para a educa\u00e7\u00e3o escolar quilombola. Ser\u00e3o discutidas as rela\u00e7\u00f5es entre ci\u00eancia, territ\u00f3rio, oralidade, espiritualidade e resist\u00eancia, a partir de uma perspectiva decolonial que reconhece e legitima os saberes quilombolas como formas aut\u00eanticas de ci\u00eancia. O GT busca ainda dialogar sobre os desafios e estrat\u00e9gias para a valoriza\u00e7\u00e3o e inclus\u00e3o desses saberes nos espa\u00e7os acad\u00eamicos e institucionais.<\/p><\/div>\n\t\t\t\t<\/div>\n\t\t\t\t\t\t\t<div class=\"elementor-accordion-item\">\n\t\t\t\t\t<div id=\"elementor-tab-title-2532\" class=\"elementor-tab-title\" data-tab=\"2\" role=\"button\" aria-controls=\"elementor-tab-content-2532\" aria-expanded=\"false\">\n\t\t\t\t\t\t\t\t\t\t\t\t\t<span class=\"elementor-accordion-icon elementor-accordion-icon-left\" aria-hidden=\"true\">\n\t\t\t\t\t\t\t\t\t\t\t\t\t\t\t<span class=\"elementor-accordion-icon-closed\"><i class=\"fas fa-users\"><\/i><\/span>\n\t\t\t\t\t\t\t\t<span class=\"elementor-accordion-icon-opened\"><i class=\"fas fa-users\"><\/i><\/span>\n\t\t\t\t\t\t\t\t\t\t\t\t\t\t<\/span>\n\t\t\t\t\t\t\t\t\t\t\t\t<a class=\"elementor-accordion-title\" tabindex=\"0\">GT-2 ETNOLINGUAGENS E SUAS TECNOLOGIAS<\/a>\n\t\t\t\t\t<\/div>\n\t\t\t\t\t<div id=\"elementor-tab-content-2532\" class=\"elementor-tab-content elementor-clearfix\" data-tab=\"2\" role=\"region\" aria-labelledby=\"elementor-tab-title-2532\"><p><strong>Ementa: <\/strong>Este Grupo de Trabalho prop\u00f5e a discuss\u00e3o sobre as etnolinguagens como express\u00f5es culturais e comunicativas enraizadas em saberes tradicionais e coletivos, com \u00eanfase em suas tecnologias pr\u00f3prias de produ\u00e7\u00e3o, transmiss\u00e3o e preserva\u00e7\u00e3o do conhecimento. O GT busca refletir sobre os modos como esses sistemas de linguagem se articulam com os territ\u00f3rios, com as lutas por reconhecimento e com processos contempor\u00e2neos de resist\u00eancia, cria\u00e7\u00e3o e inova\u00e7\u00e3o.<\/p><\/div>\n\t\t\t\t<\/div>\n\t\t\t\t\t\t\t<div class=\"elementor-accordion-item\">\n\t\t\t\t\t<div id=\"elementor-tab-title-2533\" class=\"elementor-tab-title\" data-tab=\"3\" role=\"button\" aria-controls=\"elementor-tab-content-2533\" aria-expanded=\"false\">\n\t\t\t\t\t\t\t\t\t\t\t\t\t<span class=\"elementor-accordion-icon elementor-accordion-icon-left\" aria-hidden=\"true\">\n\t\t\t\t\t\t\t\t\t\t\t\t\t\t\t<span class=\"elementor-accordion-icon-closed\"><i class=\"fas fa-users\"><\/i><\/span>\n\t\t\t\t\t\t\t\t<span class=\"elementor-accordion-icon-opened\"><i class=\"fas fa-users\"><\/i><\/span>\n\t\t\t\t\t\t\t\t\t\t\t\t\t\t<\/span>\n\t\t\t\t\t\t\t\t\t\t\t\t<a class=\"elementor-accordion-title\" tabindex=\"0\">GT-3 ETNOCI\u00caNCIAS DA NATUREZA E SUAS TECNOLOGIAS<\/a>\n\t\t\t\t\t<\/div>\n\t\t\t\t\t<div id=\"elementor-tab-content-2533\" class=\"elementor-tab-content elementor-clearfix\" data-tab=\"3\" role=\"region\" aria-labelledby=\"elementor-tab-title-2533\"><p><strong>Ementa: <\/strong>Este Grupo de Trabalho prop\u00f5e a reflex\u00e3o sobre os conhecimentos tradicionais relacionados aos fen\u00f4menos naturais, desenvolvidos por povos e comunidades quilombolas. A partir de uma perspectiva decolonial, ser\u00e3o discutidas as etnoci\u00eancias como formas leg\u00edtimas de compreender, cuidar e transformar o mundo natural, envolvendo pr\u00e1ticas como manejo sustent\u00e1vel, agricultura ancestral, farmacop\u00e9ias populares, cosmologias e sistemas pr\u00f3prios de classifica\u00e7\u00e3o. O GT visa tamb\u00e9m analisar como essas tecnologias dialogam (ou s\u00e3o silenciadas) nos contextos cient\u00edficos, educacionais e pol\u00edticos contempor\u00e2neos.<\/p><p>\u00a0<\/p><\/div>\n\t\t\t\t<\/div>\n\t\t\t\t\t\t\t<div class=\"elementor-accordion-item\">\n\t\t\t\t\t<div id=\"elementor-tab-title-2534\" class=\"elementor-tab-title\" data-tab=\"4\" role=\"button\" aria-controls=\"elementor-tab-content-2534\" aria-expanded=\"false\">\n\t\t\t\t\t\t\t\t\t\t\t\t\t<span class=\"elementor-accordion-icon elementor-accordion-icon-left\" aria-hidden=\"true\">\n\t\t\t\t\t\t\t\t\t\t\t\t\t\t\t<span class=\"elementor-accordion-icon-closed\"><i class=\"fas fa-users\"><\/i><\/span>\n\t\t\t\t\t\t\t\t<span class=\"elementor-accordion-icon-opened\"><i class=\"fas fa-users\"><\/i><\/span>\n\t\t\t\t\t\t\t\t\t\t\t\t\t\t<\/span>\n\t\t\t\t\t\t\t\t\t\t\t\t<a class=\"elementor-accordion-title\" tabindex=\"0\">GT-4 ETNOMATEM\u00c1TICA E SUAS TECNOLOGIAS<\/a>\n\t\t\t\t\t<\/div>\n\t\t\t\t\t<div id=\"elementor-tab-content-2534\" class=\"elementor-tab-content elementor-clearfix\" data-tab=\"4\" role=\"region\" aria-labelledby=\"elementor-tab-title-2534\"><p><strong>Ementa: <\/strong>Este Grupo de Trabalho tem como objetivo discutir a Etnomatem\u00e1tica como campo de investiga\u00e7\u00e3o que reconhece e valoriza os sistemas de pensamento matem\u00e1tico presentes em diferentes culturas, especialmente nas pr\u00e1ticas cotidianas dos povos quilombolas. Ser\u00e3o exploradas as tecnologias sociais e culturais associadas a contagem, medi\u00e7\u00e3o, organiza\u00e7\u00e3o espacial, jogos, arquitetura, arte e modos de resolu\u00e7\u00e3o de problemas, buscando ampliar a compreens\u00e3o da matem\u00e1tica para al\u00e9m da abordagem euroc\u00eantrica. O GT prop\u00f5e ainda refletir sobre os desafios e possibilidades de integrar esses saberes aos processos educativos e curriculares de forma cr\u00edtica e contextualizada.<\/p><\/div>\n\t\t\t\t<\/div>\n\t\t\t\t\t\t\t<div class=\"elementor-accordion-item\">\n\t\t\t\t\t<div id=\"elementor-tab-title-2535\" class=\"elementor-tab-title\" data-tab=\"5\" role=\"button\" aria-controls=\"elementor-tab-content-2535\" aria-expanded=\"false\">\n\t\t\t\t\t\t\t\t\t\t\t\t\t<span class=\"elementor-accordion-icon elementor-accordion-icon-left\" aria-hidden=\"true\">\n\t\t\t\t\t\t\t\t\t\t\t\t\t\t\t<span class=\"elementor-accordion-icon-closed\"><i class=\"fas fa-users\"><\/i><\/span>\n\t\t\t\t\t\t\t\t<span class=\"elementor-accordion-icon-opened\"><i class=\"fas fa-users\"><\/i><\/span>\n\t\t\t\t\t\t\t\t\t\t\t\t\t\t<\/span>\n\t\t\t\t\t\t\t\t\t\t\t\t<a class=\"elementor-accordion-title\" tabindex=\"0\">GT-5 ETNOCI\u00caNCIAS SOCIAIS E HUMANAS E SUAS TECNOLOGIAS<\/a>\n\t\t\t\t\t<\/div>\n\t\t\t\t\t<div id=\"elementor-tab-content-2535\" class=\"elementor-tab-content elementor-clearfix\" data-tab=\"5\" role=\"region\" aria-labelledby=\"elementor-tab-title-2535\"><p><strong>Ementa: <\/strong>Este Grupo de Trabalho tem como foco a discuss\u00e3o das etnoci\u00eancias sociais e humanas enquanto formas de produ\u00e7\u00e3o de conhecimento enraizadas em cosmologias, mem\u00f3rias coletivas, modos de vida e tecnologias sociais dos povos quilombolas. A partir de uma perspectiva decolonial, ser\u00e3o debatidas pr\u00e1ticas como organiza\u00e7\u00e3o comunit\u00e1ria, resolu\u00e7\u00e3o de conflitos, educa\u00e7\u00e3o informal, rituais, oralidades, genealogias e sistemas pr\u00f3prios de transmiss\u00e3o de saberes, dentre outros. O GT busca promover o reconhecimento dessas tecnologias como formas leg\u00edtimas de ci\u00eancia, ampliando o di\u00e1logo entre os saberes populares, acad\u00eamicos e institucionais, com \u00eanfase em justi\u00e7a epist\u00eamica e valoriza\u00e7\u00e3o das diversidades.<\/p><\/div>\n\t\t\t\t<\/div>\n\t\t\t\t\t\t\t<div class=\"elementor-accordion-item\">\n\t\t\t\t\t<div id=\"elementor-tab-title-2536\" class=\"elementor-tab-title\" data-tab=\"6\" role=\"button\" aria-controls=\"elementor-tab-content-2536\" aria-expanded=\"false\">\n\t\t\t\t\t\t\t\t\t\t\t\t\t<span class=\"elementor-accordion-icon elementor-accordion-icon-left\" aria-hidden=\"true\">\n\t\t\t\t\t\t\t\t\t\t\t\t\t\t\t<span class=\"elementor-accordion-icon-closed\"><i class=\"fas fa-users\"><\/i><\/span>\n\t\t\t\t\t\t\t\t<span class=\"elementor-accordion-icon-opened\"><i class=\"fas fa-users\"><\/i><\/span>\n\t\t\t\t\t\t\t\t\t\t\t\t\t\t<\/span>\n\t\t\t\t\t\t\t\t\t\t\t\t<a class=\"elementor-accordion-title\" tabindex=\"0\">GT-6 ETNOLETRAMENTO<\/a>\n\t\t\t\t\t<\/div>\n\t\t\t\t\t<div id=\"elementor-tab-content-2536\" class=\"elementor-tab-content elementor-clearfix\" data-tab=\"6\" role=\"region\" aria-labelledby=\"elementor-tab-title-2536\"><p><strong>Ementa: <\/strong>Este Grupo de Trabalho prop\u00f5e discutir o etnoletramento como pr\u00e1tica pedag\u00f3gica e sociocultural que reconhece, valoriza e integra os saberes, linguagens e formas de express\u00e3o das comunidades quilombolas nos processos de leitura e escrita. A partir de uma perspectiva decolonial, o GT abordar\u00e1 o letramento como ferramenta de fortalecimento identit\u00e1rio, autonomia e resist\u00eancia, refletindo sobre a rela\u00e7\u00e3o entre l\u00edngua, cultura e territ\u00f3rio. Tamb\u00e9m ser\u00e3o analisadas experi\u00eancias e metodologias que promovem o di\u00e1logo entre os conhecimentos escolares e os saberes das comunidades, com foco em uma educa\u00e7\u00e3o antirracista e plural.<\/p><\/div>\n\t\t\t\t<\/div>\n\t\t\t\t\t\t\t<div class=\"elementor-accordion-item\">\n\t\t\t\t\t<div id=\"elementor-tab-title-2537\" class=\"elementor-tab-title\" data-tab=\"7\" role=\"button\" aria-controls=\"elementor-tab-content-2537\" aria-expanded=\"false\">\n\t\t\t\t\t\t\t\t\t\t\t\t\t<span class=\"elementor-accordion-icon elementor-accordion-icon-left\" aria-hidden=\"true\">\n\t\t\t\t\t\t\t\t\t\t\t\t\t\t\t<span class=\"elementor-accordion-icon-closed\"><i class=\"fas fa-users\"><\/i><\/span>\n\t\t\t\t\t\t\t\t<span class=\"elementor-accordion-icon-opened\"><i class=\"fas fa-users\"><\/i><\/span>\n\t\t\t\t\t\t\t\t\t\t\t\t\t\t<\/span>\n\t\t\t\t\t\t\t\t\t\t\t\t<a class=\"elementor-accordion-title\" tabindex=\"0\">GT-7 POL\u00cdTICAS P\u00daBLICAS PARA OS POVOS QUILOMBOLAS<\/a>\n\t\t\t\t\t<\/div>\n\t\t\t\t\t<div id=\"elementor-tab-content-2537\" class=\"elementor-tab-content elementor-clearfix\" data-tab=\"7\" role=\"region\" aria-labelledby=\"elementor-tab-title-2537\"><p><strong>Ementa: <\/strong>Este Grupo de Trabalho tem como objetivo analisar, debater e propor reflex\u00f5es cr\u00edticas sobre as pol\u00edticas p\u00fablicas voltadas aos povos quilombolas no Brasil, considerando suas demandas hist\u00f3ricas por territ\u00f3rio, educa\u00e7\u00e3o, sa\u00fade, seguran\u00e7a alimentar, reconhecimento identit\u00e1rio e participa\u00e7\u00e3o pol\u00edtica, dentre outras. Ser\u00e3o discutidos os marcos legais, os desafios da implementa\u00e7\u00e3o de direitos constitucionais, os entraves institucionais e as estrat\u00e9gias de resist\u00eancia e mobiliza\u00e7\u00e3o das comunidades. O GT busca fortalecer o debate sobre justi\u00e7a social, repara\u00e7\u00e3o hist\u00f3rica e equidade, a partir do protagonismo quilombola e de uma perspectiva antirracista e decolonial.<\/p><\/div>\n\t\t\t\t<\/div>\n\t\t\t\t\t\t\t\t<\/div>\n\t\t\t\t<\/div>\n\t\t\t\t<\/div>\n\t\t\t\t\t<\/div>\n\t\t\t\t<\/div>\n\t\t<div class=\"elementor-element elementor-element-979396d e-flex e-con-boxed e-con e-parent\" data-id=\"979396d\" data-element_type=\"container\">\n\t\t\t\t\t<div class=\"e-con-inner\">\n\t\t<div class=\"elementor-element elementor-element-270fc73 e-con-full e-flex e-con e-child\" data-id=\"270fc73\" data-element_type=\"container\">\n\t\t\t\t<\/div>\n\t\t<div class=\"elementor-element elementor-element-d78a400 e-con-full e-flex e-con e-child\" data-id=\"d78a400\" data-element_type=\"container\">\n\t\t\t\t<\/div>\n\t\t\t\t\t<\/div>\n\t\t\t\t<\/div>\n\t\t\t\t<\/div>\n\t\t","protected":false},"excerpt":{"rendered":"<p>GT-1 CI\u00caNCIAS E SABERES QUILOMBOLAS Ementa: Este Grupo de Trabalho tem como objetivo promover reflex\u00f5es cr\u00edticas sobre as m\u00faltiplas formas de produ\u00e7\u00e3o de saberes presentes nos territ\u00f3rios quilombolas, valorizando os saberes ancestrais, as pr\u00e1ticas culturais [&hellip;]<\/p>\n","protected":false},"author":1076,"featured_media":0,"parent":0,"menu_order":0,"comment_status":"closed","ping_status":"closed","template":"","meta":{"footnotes":""},"class_list":["post-5500","page","type-page","status-publish","hentry"],"_links":{"self":[{"href":"https:\/\/setec.ufmt.br\/eventos\/semiedu2025\/wp-json\/wp\/v2\/pages\/5500"}],"collection":[{"href":"https:\/\/setec.ufmt.br\/eventos\/semiedu2025\/wp-json\/wp\/v2\/pages"}],"about":[{"href":"https:\/\/setec.ufmt.br\/eventos\/semiedu2025\/wp-json\/wp\/v2\/types\/page"}],"author":[{"embeddable":true,"href":"https:\/\/setec.ufmt.br\/eventos\/semiedu2025\/wp-json\/wp\/v2\/users\/1076"}],"replies":[{"embeddable":true,"href":"https:\/\/setec.ufmt.br\/eventos\/semiedu2025\/wp-json\/wp\/v2\/comments?post=5500"}],"version-history":[{"count":13,"href":"https:\/\/setec.ufmt.br\/eventos\/semiedu2025\/wp-json\/wp\/v2\/pages\/5500\/revisions"}],"predecessor-version":[{"id":5515,"href":"https:\/\/setec.ufmt.br\/eventos\/semiedu2025\/wp-json\/wp\/v2\/pages\/5500\/revisions\/5515"}],"wp:attachment":[{"href":"https:\/\/setec.ufmt.br\/eventos\/semiedu2025\/wp-json\/wp\/v2\/media?parent=5500"}],"curies":[{"name":"wp","href":"https:\/\/api.w.org\/{rel}","templated":true}]}}