{"id":4118,"date":"2024-08-12T09:49:43","date_gmt":"2024-08-12T13:49:43","guid":{"rendered":"https:\/\/setec.ufmt.br\/eventos\/semiedu2025\/?page_id=4118"},"modified":"2025-11-24T09:12:19","modified_gmt":"2025-11-24T13:12:19","slug":"comissao-organizadora-2","status":"publish","type":"page","link":"https:\/\/setec.ufmt.br\/eventos\/semiedu2025\/comissao-organizadora-2\/","title":{"rendered":"Comiss\u00e3o Organizadora"},"content":{"rendered":"\t\t<div data-elementor-type=\"wp-page\" data-elementor-id=\"4118\" class=\"elementor elementor-4118\" data-elementor-post-type=\"page\">\n\t\t\t\t<div class=\"elementor-element elementor-element-52f0ffb e-flex e-con-boxed e-con e-parent\" data-id=\"52f0ffb\" data-element_type=\"container\">\n\t\t\t\t\t<div class=\"e-con-inner\">\n\t\t\t\t<div class=\"elementor-element elementor-element-9e3dd6b elementor-widget elementor-widget-text-editor\" data-id=\"9e3dd6b\" data-element_type=\"widget\" data-widget_type=\"text-editor.default\">\n\t\t\t\t<div class=\"elementor-widget-container\">\n\t\t\t<style>\/*! elementor - v3.23.0 - 05-08-2024 *\/\n.elementor-widget-text-editor.elementor-drop-cap-view-stacked .elementor-drop-cap{background-color:#69727d;color:#fff}.elementor-widget-text-editor.elementor-drop-cap-view-framed .elementor-drop-cap{color:#69727d;border:3px solid;background-color:transparent}.elementor-widget-text-editor:not(.elementor-drop-cap-view-default) .elementor-drop-cap{margin-top:8px}.elementor-widget-text-editor:not(.elementor-drop-cap-view-default) .elementor-drop-cap-letter{width:1em;height:1em}.elementor-widget-text-editor .elementor-drop-cap{float:left;text-align:center;line-height:1;font-size:50px}.elementor-widget-text-editor .elementor-drop-cap-letter{display:inline-block}<\/style>\t\t\t\t<p><b>Coordena\u00e7\u00e3o:<\/b><span style=\"font-weight: 400;\"> Suely Dulce de Castilho\u00a0<br \/><\/span><b>Vice coordena\u00e7\u00e3o: <\/b><span style=\"font-weight: 400;\">Edson Caetano<\/span><\/p>\t\t\t\t\t\t<\/div>\n\t\t\t\t<\/div>\n\t\t\t\t\t<\/div>\n\t\t\t\t<\/div>\n\t\t<div class=\"elementor-element elementor-element-f6c8995 e-flex e-con-boxed e-con e-parent\" data-id=\"f6c8995\" data-element_type=\"container\">\n\t\t\t\t\t<div class=\"e-con-inner\">\n\t\t<div class=\"elementor-element elementor-element-f1a049d e-con-full e-flex e-con e-child\" data-id=\"f1a049d\" data-element_type=\"container\">\n\t\t\t\t<div class=\"elementor-element elementor-element-cc73e64 elementor-widget elementor-widget-accordion\" data-id=\"cc73e64\" data-element_type=\"widget\" commissao=\"\" data-widget_type=\"accordion.default\">\n\t\t\t\t<div class=\"elementor-widget-container\">\n\t\t\t<style>\/*! elementor - v3.23.0 - 05-08-2024 *\/\n.elementor-accordion{text-align:start}.elementor-accordion .elementor-accordion-item{border:1px solid #d5d8dc}.elementor-accordion .elementor-accordion-item+.elementor-accordion-item{border-top:none}.elementor-accordion .elementor-tab-title{margin:0;padding:15px 20px;font-weight:700;line-height:1;cursor:pointer;outline:none}.elementor-accordion .elementor-tab-title .elementor-accordion-icon{display:inline-block;width:1.5em}.elementor-accordion .elementor-tab-title .elementor-accordion-icon svg{width:1em;height:1em}.elementor-accordion .elementor-tab-title .elementor-accordion-icon.elementor-accordion-icon-right{float:right;text-align:right}.elementor-accordion .elementor-tab-title .elementor-accordion-icon.elementor-accordion-icon-left{float:left;text-align:left}.elementor-accordion .elementor-tab-title .elementor-accordion-icon .elementor-accordion-icon-closed{display:block}.elementor-accordion .elementor-tab-title .elementor-accordion-icon .elementor-accordion-icon-opened,.elementor-accordion .elementor-tab-title.elementor-active .elementor-accordion-icon-closed{display:none}.elementor-accordion .elementor-tab-title.elementor-active .elementor-accordion-icon-opened{display:block}.elementor-accordion .elementor-tab-content{display:none;padding:15px 20px;border-top:1px solid #d5d8dc}@media (max-width:767px){.elementor-accordion .elementor-tab-title{padding:12px 15px}.elementor-accordion .elementor-tab-title .elementor-accordion-icon{width:1.2em}.elementor-accordion .elementor-tab-content{padding:7px 15px}}.e-con-inner>.elementor-widget-accordion,.e-con>.elementor-widget-accordion{width:var(--container-widget-width);--flex-grow:var(--container-widget-flex-grow)}<\/style>\t\t<div class=\"elementor-accordion\">\n\t\t\t\t\t\t\t<div class=\"elementor-accordion-item\">\n\t\t\t\t\t<div id=\"elementor-tab-title-2141\" class=\"elementor-tab-title\" data-tab=\"1\" role=\"button\" aria-controls=\"elementor-tab-content-2141\" aria-expanded=\"false\">\n\t\t\t\t\t\t\t\t\t\t\t\t\t<span class=\"elementor-accordion-icon elementor-accordion-icon-left\" aria-hidden=\"true\">\n\t\t\t\t\t\t\t\t\t\t\t\t\t\t\t<span class=\"elementor-accordion-icon-closed\"><i class=\"fas fa-people-carry\"><\/i><\/span>\n\t\t\t\t\t\t\t\t<span class=\"elementor-accordion-icon-opened\"><i class=\"fas fa-people-carry\"><\/i><\/span>\n\t\t\t\t\t\t\t\t\t\t\t\t\t\t<\/span>\n\t\t\t\t\t\t\t\t\t\t\t\t<a class=\"elementor-accordion-title\" tabindex=\"0\">Secretaria e Credenciamento<\/a>\n\t\t\t\t\t<\/div>\n\t\t\t\t\t<div id=\"elementor-tab-content-2141\" class=\"elementor-tab-content elementor-clearfix\" data-tab=\"1\" role=\"region\" aria-labelledby=\"elementor-tab-title-2141\"><p><strong>Presidentes:<\/strong>\u00a0Bruno Gon\u00e7alves dos Santos e Bruna Cristina Prolo<br \/><strong>Membros: <\/strong>Bruna Maria de Oliveira; D\u00e9bora do Nascimento Silva; Jucileia Nascimento de Oliveira; Sabrina Bourscheid Sassi; Lilian Santos de Andrade; Simone Carneiro da Silva; Hiolly Batista Janu\u00e1rio de Souza<\/p><\/div>\n\t\t\t\t<\/div>\n\t\t\t\t\t\t\t<div class=\"elementor-accordion-item\">\n\t\t\t\t\t<div id=\"elementor-tab-title-2142\" class=\"elementor-tab-title\" data-tab=\"2\" role=\"button\" aria-controls=\"elementor-tab-content-2142\" aria-expanded=\"false\">\n\t\t\t\t\t\t\t\t\t\t\t\t\t<span class=\"elementor-accordion-icon elementor-accordion-icon-left\" aria-hidden=\"true\">\n\t\t\t\t\t\t\t\t\t\t\t\t\t\t\t<span class=\"elementor-accordion-icon-closed\"><i class=\"fas fa-people-carry\"><\/i><\/span>\n\t\t\t\t\t\t\t\t<span class=\"elementor-accordion-icon-opened\"><i class=\"fas fa-people-carry\"><\/i><\/span>\n\t\t\t\t\t\t\t\t\t\t\t\t\t\t<\/span>\n\t\t\t\t\t\t\t\t\t\t\t\t<a class=\"elementor-accordion-title\" tabindex=\"0\">Comiss\u00e3o de Tecnologia<\/a>\n\t\t\t\t\t<\/div>\n\t\t\t\t\t<div id=\"elementor-tab-content-2142\" class=\"elementor-tab-content elementor-clearfix\" data-tab=\"2\" role=\"region\" aria-labelledby=\"elementor-tab-title-2142\"><p><strong>Presidentes:<\/strong> <span style=\"font-weight: 400;\">Alessandra Maieski<\/span> <br \/><strong>Membros: <\/strong>Carolina Cherubini Costa Freire; Daniel San Pereira Borges; Jo\u00e3o Almeida dos Santos; Karla Rodrigues Mota; Nat\u00e1lia Trentino Antunes Ayala; Wellerson Davi dos Santos Deniz<\/p><\/div>\n\t\t\t\t<\/div>\n\t\t\t\t\t\t\t<div class=\"elementor-accordion-item\">\n\t\t\t\t\t<div id=\"elementor-tab-title-2143\" class=\"elementor-tab-title\" data-tab=\"3\" role=\"button\" aria-controls=\"elementor-tab-content-2143\" aria-expanded=\"false\">\n\t\t\t\t\t\t\t\t\t\t\t\t\t<span class=\"elementor-accordion-icon elementor-accordion-icon-left\" aria-hidden=\"true\">\n\t\t\t\t\t\t\t\t\t\t\t\t\t\t\t<span class=\"elementor-accordion-icon-closed\"><i class=\"fas fa-people-carry\"><\/i><\/span>\n\t\t\t\t\t\t\t\t<span class=\"elementor-accordion-icon-opened\"><i class=\"fas fa-people-carry\"><\/i><\/span>\n\t\t\t\t\t\t\t\t\t\t\t\t\t\t<\/span>\n\t\t\t\t\t\t\t\t\t\t\t\t<a class=\"elementor-accordion-title\" tabindex=\"0\">Comiss\u00e3o da Comunica\u00e7\u00e3o<\/a>\n\t\t\t\t\t<\/div>\n\t\t\t\t\t<div id=\"elementor-tab-content-2143\" class=\"elementor-tab-content elementor-clearfix\" data-tab=\"3\" role=\"region\" aria-labelledby=\"elementor-tab-title-2143\"><p><strong>Presidentes:<\/strong> Wagner M\u00f4nantha e Jana\u00edna Costa<br \/><strong>Membros: <\/strong>Joacelmo Barbosa Borges; Jo\u00e3o Almeida; M\u00e1rcio Monzilar; Zaira Nascimento de Oliveira; Kaique de Oliveira; Viviane da Costa Santos<\/p><\/div>\n\t\t\t\t<\/div>\n\t\t\t\t\t\t\t<div class=\"elementor-accordion-item\">\n\t\t\t\t\t<div id=\"elementor-tab-title-2144\" class=\"elementor-tab-title\" data-tab=\"4\" role=\"button\" aria-controls=\"elementor-tab-content-2144\" aria-expanded=\"false\">\n\t\t\t\t\t\t\t\t\t\t\t\t\t<span class=\"elementor-accordion-icon elementor-accordion-icon-left\" aria-hidden=\"true\">\n\t\t\t\t\t\t\t\t\t\t\t\t\t\t\t<span class=\"elementor-accordion-icon-closed\"><i class=\"fas fa-people-carry\"><\/i><\/span>\n\t\t\t\t\t\t\t\t<span class=\"elementor-accordion-icon-opened\"><i class=\"fas fa-people-carry\"><\/i><\/span>\n\t\t\t\t\t\t\t\t\t\t\t\t\t\t<\/span>\n\t\t\t\t\t\t\t\t\t\t\t\t<a class=\"elementor-accordion-title\" tabindex=\"0\">Comiss\u00e3o Cient\u00edfica<\/a>\n\t\t\t\t\t<\/div>\n\t\t\t\t\t<div id=\"elementor-tab-content-2144\" class=\"elementor-tab-content elementor-clearfix\" data-tab=\"4\" role=\"region\" aria-labelledby=\"elementor-tab-title-2144\"><p><strong>Presidente:<\/strong> Edson Caetano<br \/><strong>Membros: <\/strong>Dejenana Campos; Geniana dos Santos; Janina Mirtha Sanchez; Luciana Gon\u00e7alves de Lima; M\u00e1rcio Henrique Cavicchiolli; Maria do Socorro Lic\u00ednio Monteiro<\/p><\/div>\n\t\t\t\t<\/div>\n\t\t\t\t\t\t\t<div class=\"elementor-accordion-item\">\n\t\t\t\t\t<div id=\"elementor-tab-title-2145\" class=\"elementor-tab-title\" data-tab=\"5\" role=\"button\" aria-controls=\"elementor-tab-content-2145\" aria-expanded=\"false\">\n\t\t\t\t\t\t\t\t\t\t\t\t\t<span class=\"elementor-accordion-icon elementor-accordion-icon-left\" aria-hidden=\"true\">\n\t\t\t\t\t\t\t\t\t\t\t\t\t\t\t<span class=\"elementor-accordion-icon-closed\"><i class=\"fas fa-people-carry\"><\/i><\/span>\n\t\t\t\t\t\t\t\t<span class=\"elementor-accordion-icon-opened\"><i class=\"fas fa-people-carry\"><\/i><\/span>\n\t\t\t\t\t\t\t\t\t\t\t\t\t\t<\/span>\n\t\t\t\t\t\t\t\t\t\t\t\t<a class=\"elementor-accordion-title\" tabindex=\"0\">Comiss\u00e3o de Monitoria<\/a>\n\t\t\t\t\t<\/div>\n\t\t\t\t\t<div id=\"elementor-tab-content-2145\" class=\"elementor-tab-content elementor-clearfix\" data-tab=\"5\" role=\"region\" aria-labelledby=\"elementor-tab-title-2145\"><p><strong>Presidente:<\/strong> Luciano da Silva Pereira<br \/><strong>Membros:\u00a0<\/strong>Bruna Maria de Oliveira; Dejenana Campos; Jo\u00e3o Almeida; Leandro Jos\u00e9 do Nascimento; L\u00edvia Maria Silva Lima; Marco Aurelio Fidelis Pereira; Maria Concei\u00e7\u00e3o de Campos Silva; Mylla Beatriz Silva Queiroz Correia; Nylza Batista da Silva; Vagner Galdino da Silva; Zenilda Ribeiro de Oliveira Rosa da Silva; M\u00e1rcia Dayana Fernandes; Raquel Maria Mallezan<\/p><\/div>\n\t\t\t\t<\/div>\n\t\t\t\t\t\t\t<div class=\"elementor-accordion-item\">\n\t\t\t\t\t<div id=\"elementor-tab-title-2146\" class=\"elementor-tab-title\" data-tab=\"6\" role=\"button\" aria-controls=\"elementor-tab-content-2146\" aria-expanded=\"false\">\n\t\t\t\t\t\t\t\t\t\t\t\t\t<span class=\"elementor-accordion-icon elementor-accordion-icon-left\" aria-hidden=\"true\">\n\t\t\t\t\t\t\t\t\t\t\t\t\t\t\t<span class=\"elementor-accordion-icon-closed\"><i class=\"fas fa-people-carry\"><\/i><\/span>\n\t\t\t\t\t\t\t\t<span class=\"elementor-accordion-icon-opened\"><i class=\"fas fa-people-carry\"><\/i><\/span>\n\t\t\t\t\t\t\t\t\t\t\t\t\t\t<\/span>\n\t\t\t\t\t\t\t\t\t\t\t\t<a class=\"elementor-accordion-title\" tabindex=\"0\">Comiss\u00e3o de Infraestrutura e Log\u00edstica<\/a>\n\t\t\t\t\t<\/div>\n\t\t\t\t\t<div id=\"elementor-tab-content-2146\" class=\"elementor-tab-content elementor-clearfix\" data-tab=\"6\" role=\"region\" aria-labelledby=\"elementor-tab-title-2146\"><p><strong>Presidentes:<\/strong> Bruna Cristina Prolo e Joacelmo Barbosa Borges<br \/><strong>Membros: <\/strong>Agna Fernandes Bacani; Benedita Jorenil De Arruda Santos; Benedita Rodrigues do Prado e Silva; Benedito Rodrigues da Silva; Cira Martins; Claudia Souza Santos; Davi Sousa Silva; Elecina Augusta Da Cruz Rondon; Esmeraldino Pereira; Fabiana Flavia de Magalh\u00e3es Nascimento Castro; Graciele Fernandes De Lima; Idgmar Gloria Da Silva; Jacinta Cipriana De Oliveira; Joacelmo Barbosa Borges; Joao Apolinario De Albuquerque Filho; La\u00eds Cristina Barbosa Silva; Larissa Silva Albuquerque; Lellis do Carmo Ventura; Lucia Do Nascimento; Maria Zilda dos Santos; Marileide do Carmo Amorim Arruda; Neuza Souza Caldeira; Nirda Rosa de Oliveira; Rosilene Rodrigues Maruyama; Sidney Lopes De Oliveira Filho; Suzete da Silva Gaudino Nunes; Wellerson Davi dos Santos Deniz<\/p><\/div>\n\t\t\t\t<\/div>\n\t\t\t\t\t\t\t\t<\/div>\n\t\t\t\t<\/div>\n\t\t\t\t<\/div>\n\t\t\t\t<\/div>\n\t\t<div class=\"elementor-element elementor-element-8ac39b1 e-con-full e-flex e-con e-child\" data-id=\"8ac39b1\" data-element_type=\"container\">\n\t\t\t\t<div class=\"elementor-element elementor-element-649430f elementor-widget elementor-widget-accordion\" data-id=\"649430f\" data-element_type=\"widget\" commissao=\"\" data-widget_type=\"accordion.default\">\n\t\t\t\t<div class=\"elementor-widget-container\">\n\t\t\t\t\t<div class=\"elementor-accordion\">\n\t\t\t\t\t\t\t<div class=\"elementor-accordion-item\">\n\t\t\t\t\t<div id=\"elementor-tab-title-1051\" class=\"elementor-tab-title\" data-tab=\"1\" role=\"button\" aria-controls=\"elementor-tab-content-1051\" aria-expanded=\"false\">\n\t\t\t\t\t\t\t\t\t\t\t\t\t<span class=\"elementor-accordion-icon elementor-accordion-icon-left\" aria-hidden=\"true\">\n\t\t\t\t\t\t\t\t\t\t\t\t\t\t\t<span class=\"elementor-accordion-icon-closed\"><i class=\"fas fa-people-carry\"><\/i><\/span>\n\t\t\t\t\t\t\t\t<span class=\"elementor-accordion-icon-opened\"><i class=\"fas fa-people-carry\"><\/i><\/span>\n\t\t\t\t\t\t\t\t\t\t\t\t\t\t<\/span>\n\t\t\t\t\t\t\t\t\t\t\t\t<a class=\"elementor-accordion-title\" tabindex=\"0\">Comiss\u00e3o de Cultura<\/a>\n\t\t\t\t\t<\/div>\n\t\t\t\t\t<div id=\"elementor-tab-content-1051\" class=\"elementor-tab-content elementor-clearfix\" data-tab=\"1\" role=\"region\" aria-labelledby=\"elementor-tab-title-1051\"><p><strong>Presidentes: <\/strong>Soenil Salles e Adrianny Abreu<br \/><strong>Membros: <\/strong>Bruno Gon\u00e7alves dos Santos; Elisabeth Maria Miguel; Lucas Esteves<\/p><\/div>\n\t\t\t\t<\/div>\n\t\t\t\t\t\t\t<div class=\"elementor-accordion-item\">\n\t\t\t\t\t<div id=\"elementor-tab-title-1052\" class=\"elementor-tab-title\" data-tab=\"2\" role=\"button\" aria-controls=\"elementor-tab-content-1052\" aria-expanded=\"false\">\n\t\t\t\t\t\t\t\t\t\t\t\t\t<span class=\"elementor-accordion-icon elementor-accordion-icon-left\" aria-hidden=\"true\">\n\t\t\t\t\t\t\t\t\t\t\t\t\t\t\t<span class=\"elementor-accordion-icon-closed\"><i class=\"fas fa-people-carry\"><\/i><\/span>\n\t\t\t\t\t\t\t\t<span class=\"elementor-accordion-icon-opened\"><i class=\"fas fa-people-carry\"><\/i><\/span>\n\t\t\t\t\t\t\t\t\t\t\t\t\t\t<\/span>\n\t\t\t\t\t\t\t\t\t\t\t\t<a class=\"elementor-accordion-title\" tabindex=\"0\">Comiss\u00e3o de Lan\u00e7amento de Livros<\/a>\n\t\t\t\t\t<\/div>\n\t\t\t\t\t<div id=\"elementor-tab-content-1052\" class=\"elementor-tab-content elementor-clearfix\" data-tab=\"2\" role=\"region\" aria-labelledby=\"elementor-tab-title-1052\"><p><strong>Presidente:<\/strong> Glauce Viana de Souza Torres<br \/><strong>Membros: <\/strong>Dejacy Abreu e Priscilla Stuart<\/p><\/div>\n\t\t\t\t<\/div>\n\t\t\t\t\t\t\t<div class=\"elementor-accordion-item\">\n\t\t\t\t\t<div id=\"elementor-tab-title-1053\" class=\"elementor-tab-title\" data-tab=\"3\" role=\"button\" aria-controls=\"elementor-tab-content-1053\" aria-expanded=\"false\">\n\t\t\t\t\t\t\t\t\t\t\t\t\t<span class=\"elementor-accordion-icon elementor-accordion-icon-left\" aria-hidden=\"true\">\n\t\t\t\t\t\t\t\t\t\t\t\t\t\t\t<span class=\"elementor-accordion-icon-closed\"><i class=\"fas fa-people-carry\"><\/i><\/span>\n\t\t\t\t\t\t\t\t<span class=\"elementor-accordion-icon-opened\"><i class=\"fas fa-people-carry\"><\/i><\/span>\n\t\t\t\t\t\t\t\t\t\t\t\t\t\t<\/span>\n\t\t\t\t\t\t\t\t\t\t\t\t<a class=\"elementor-accordion-title\" tabindex=\"0\">Comiss\u00e3o de Parceria Institucionais<\/a>\n\t\t\t\t\t<\/div>\n\t\t\t\t\t<div id=\"elementor-tab-content-1053\" class=\"elementor-tab-content elementor-clearfix\" data-tab=\"3\" role=\"region\" aria-labelledby=\"elementor-tab-title-1053\"><p><strong>Presidentes:<\/strong> Suely Dulce de Castilho e Edson Caetano<br \/><strong>Membros: <\/strong>Bruna Maria de Oliveira; Bruno Gon\u00e7alves dos Santos; Cira Alves Martins; Davi Sousa Silva; Joacelmo Barbosa Borges; Jo\u00e3o Almeida; Luciana Gon\u00e7alves; Marileide do Carmo Amorim Arruda; Soenil Salles; Wagner M\u00f4nantha<\/p><\/div>\n\t\t\t\t<\/div>\n\t\t\t\t\t\t\t<div class=\"elementor-accordion-item\">\n\t\t\t\t\t<div id=\"elementor-tab-title-1054\" class=\"elementor-tab-title\" data-tab=\"4\" role=\"button\" aria-controls=\"elementor-tab-content-1054\" aria-expanded=\"false\">\n\t\t\t\t\t\t\t\t\t\t\t\t\t<span class=\"elementor-accordion-icon elementor-accordion-icon-left\" aria-hidden=\"true\">\n\t\t\t\t\t\t\t\t\t\t\t\t\t\t\t<span class=\"elementor-accordion-icon-closed\"><i class=\"fas fa-people-carry\"><\/i><\/span>\n\t\t\t\t\t\t\t\t<span class=\"elementor-accordion-icon-opened\"><i class=\"fas fa-people-carry\"><\/i><\/span>\n\t\t\t\t\t\t\t\t\t\t\t\t\t\t<\/span>\n\t\t\t\t\t\t\t\t\t\t\t\t<a class=\"elementor-accordion-title\" tabindex=\"0\">Comiss\u00e3o de Certificados e Anais<\/a>\n\t\t\t\t\t<\/div>\n\t\t\t\t\t<div id=\"elementor-tab-content-1054\" class=\"elementor-tab-content elementor-clearfix\" data-tab=\"4\" role=\"region\" aria-labelledby=\"elementor-tab-title-1054\"><p><strong>Presidente:<\/strong> Sandra Jung de Mattos<br \/><strong>Membros: <\/strong>Marcio Henrique Cavicchiolli; Marina da Costa Azevedo<\/p><\/div>\n\t\t\t\t<\/div>\n\t\t\t\t\t\t\t<div class=\"elementor-accordion-item\">\n\t\t\t\t\t<div id=\"elementor-tab-title-1055\" class=\"elementor-tab-title\" data-tab=\"5\" role=\"button\" aria-controls=\"elementor-tab-content-1055\" aria-expanded=\"false\">\n\t\t\t\t\t\t\t\t\t\t\t\t\t<span class=\"elementor-accordion-icon elementor-accordion-icon-left\" aria-hidden=\"true\">\n\t\t\t\t\t\t\t\t\t\t\t\t\t\t\t<span class=\"elementor-accordion-icon-closed\"><i class=\"fas fa-people-carry\"><\/i><\/span>\n\t\t\t\t\t\t\t\t<span class=\"elementor-accordion-icon-opened\"><i class=\"fas fa-people-carry\"><\/i><\/span>\n\t\t\t\t\t\t\t\t\t\t\t\t\t\t<\/span>\n\t\t\t\t\t\t\t\t\t\t\t\t<a class=\"elementor-accordion-title\" tabindex=\"0\">Comiss\u00e3o de Eventos Paralelos<\/a>\n\t\t\t\t\t<\/div>\n\t\t\t\t\t<div id=\"elementor-tab-content-1055\" class=\"elementor-tab-content elementor-clearfix\" data-tab=\"5\" role=\"region\" aria-labelledby=\"elementor-tab-title-1055\"><p><strong>Presidentes:<\/strong>\u00a0Ana Lu\u00edsa Cordeiro<br \/><strong>Membros: <\/strong>Larissa Madalena da Silva Pinheiro e Soenil Salles<\/p><\/div>\n\t\t\t\t<\/div>\n\t\t\t\t\t\t\t<div class=\"elementor-accordion-item\">\n\t\t\t\t\t<div id=\"elementor-tab-title-1056\" class=\"elementor-tab-title\" data-tab=\"6\" role=\"button\" aria-controls=\"elementor-tab-content-1056\" aria-expanded=\"false\">\n\t\t\t\t\t\t\t\t\t\t\t\t\t<span class=\"elementor-accordion-icon elementor-accordion-icon-left\" aria-hidden=\"true\">\n\t\t\t\t\t\t\t\t\t\t\t\t\t\t\t<span class=\"elementor-accordion-icon-closed\"><i class=\"fas fa-people-carry\"><\/i><\/span>\n\t\t\t\t\t\t\t\t<span class=\"elementor-accordion-icon-opened\"><i class=\"fas fa-people-carry\"><\/i><\/span>\n\t\t\t\t\t\t\t\t\t\t\t\t\t\t<\/span>\n\t\t\t\t\t\t\t\t\t\t\t\t<a class=\"elementor-accordion-title\" tabindex=\"0\">Comiss\u00e3o Financeira<\/a>\n\t\t\t\t\t<\/div>\n\t\t\t\t\t<div id=\"elementor-tab-content-1056\" class=\"elementor-tab-content elementor-clearfix\" data-tab=\"6\" role=\"region\" aria-labelledby=\"elementor-tab-title-1056\"><p><strong>Presidente:<\/strong>\u00a0Wagner M\u00f4nantha<br \/><strong>Membros: <\/strong>Suely Dulce de Castilho e Edson Caetano<\/p><\/div>\n\t\t\t\t<\/div>\n\t\t\t\t\t\t\t\t<\/div>\n\t\t\t\t<\/div>\n\t\t\t\t<\/div>\n\t\t\t\t<\/div>\n\t\t\t\t\t<\/div>\n\t\t\t\t<\/div>\n\t\t<div class=\"elementor-element elementor-element-f59a082 e-flex e-con-boxed e-con e-parent\" data-id=\"f59a082\" data-element_type=\"container\">\n\t\t\t\t\t<div class=\"e-con-inner\">\n\t\t\t\t\t<\/div>\n\t\t\t\t<\/div>\n\t\t\t\t<\/div>\n\t\t","protected":false},"excerpt":{"rendered":"<p>Coordena\u00e7\u00e3o: Suely Dulce de Castilho\u00a0Vice coordena\u00e7\u00e3o: Edson Caetano Secretaria e Credenciamento Presidentes:\u00a0Bruno Gon\u00e7alves dos Santos e Bruna Cristina ProloMembros: Bruna Maria de Oliveira; D\u00e9bora do Nascimento Silva; Jucileia Nascimento de Oliveira; Sabrina Bourscheid Sassi; Lilian [&hellip;]<\/p>\n","protected":false},"author":1076,"featured_media":0,"parent":0,"menu_order":0,"comment_status":"closed","ping_status":"closed","template":"","meta":{"footnotes":""},"class_list":["post-4118","page","type-page","status-publish","hentry"],"_links":{"self":[{"href":"https:\/\/setec.ufmt.br\/eventos\/semiedu2025\/wp-json\/wp\/v2\/pages\/4118"}],"collection":[{"href":"https:\/\/setec.ufmt.br\/eventos\/semiedu2025\/wp-json\/wp\/v2\/pages"}],"about":[{"href":"https:\/\/setec.ufmt.br\/eventos\/semiedu2025\/wp-json\/wp\/v2\/types\/page"}],"author":[{"embeddable":true,"href":"https:\/\/setec.ufmt.br\/eventos\/semiedu2025\/wp-json\/wp\/v2\/users\/1076"}],"replies":[{"embeddable":true,"href":"https:\/\/setec.ufmt.br\/eventos\/semiedu2025\/wp-json\/wp\/v2\/comments?post=4118"}],"version-history":[{"count":128,"href":"https:\/\/setec.ufmt.br\/eventos\/semiedu2025\/wp-json\/wp\/v2\/pages\/4118\/revisions"}],"predecessor-version":[{"id":5758,"href":"https:\/\/setec.ufmt.br\/eventos\/semiedu2025\/wp-json\/wp\/v2\/pages\/4118\/revisions\/5758"}],"wp:attachment":[{"href":"https:\/\/setec.ufmt.br\/eventos\/semiedu2025\/wp-json\/wp\/v2\/media?parent=4118"}],"curies":[{"name":"wp","href":"https:\/\/api.w.org\/{rel}","templated":true}]}}