{"id":4069,"date":"2024-08-09T11:48:02","date_gmt":"2024-08-09T15:48:02","guid":{"rendered":"https:\/\/setec.ufmt.br\/eventos\/semiedu2025\/?page_id=4069"},"modified":"2025-11-25T13:24:31","modified_gmt":"2025-11-25T17:24:31","slug":"oficinas-2","status":"publish","type":"page","link":"https:\/\/setec.ufmt.br\/eventos\/semiedu2025\/oficinas-2\/","title":{"rendered":"Oficinas"},"content":{"rendered":"\t\t<div data-elementor-type=\"wp-page\" data-elementor-id=\"4069\" class=\"elementor elementor-4069\" data-elementor-post-type=\"page\">\n\t\t\t\t<div class=\"elementor-element elementor-element-139cdc2 e-flex e-con-boxed e-con e-parent\" data-id=\"139cdc2\" data-element_type=\"container\">\n\t\t\t\t\t<div class=\"e-con-inner\">\n\t\t\t\t<div class=\"elementor-element elementor-element-c0f4cce elementor-widget elementor-widget-heading\" data-id=\"c0f4cce\" data-element_type=\"widget\" data-widget_type=\"heading.default\">\n\t\t\t\t<div class=\"elementor-widget-container\">\n\t\t\t<style>\/*! elementor - v3.23.0 - 05-08-2024 *\/\n.elementor-heading-title{padding:0;margin:0;line-height:1}.elementor-widget-heading .elementor-heading-title[class*=elementor-size-]>a{color:inherit;font-size:inherit;line-height:inherit}.elementor-widget-heading .elementor-heading-title.elementor-size-small{font-size:15px}.elementor-widget-heading .elementor-heading-title.elementor-size-medium{font-size:19px}.elementor-widget-heading .elementor-heading-title.elementor-size-large{font-size:29px}.elementor-widget-heading .elementor-heading-title.elementor-size-xl{font-size:39px}.elementor-widget-heading .elementor-heading-title.elementor-size-xxl{font-size:59px}<\/style><h2 class=\"elementor-heading-title elementor-size-default\">NORMAS PARA INSCRI\u00c7\u00c3O NAS OFICINAS\n\n<\/h2>\t\t<\/div>\n\t\t\t\t<\/div>\n\t\t\t\t\t<\/div>\n\t\t\t\t<\/div>\n\t\t<div class=\"elementor-element elementor-element-552db9c e-flex e-con-boxed e-con e-parent\" data-id=\"552db9c\" data-element_type=\"container\">\n\t\t\t\t\t<div class=\"e-con-inner\">\n\t\t\t\t<div class=\"elementor-element elementor-element-7245f02 elementor-widget elementor-widget-text-editor\" data-id=\"7245f02\" data-element_type=\"widget\" data-widget_type=\"text-editor.default\">\n\t\t\t\t<div class=\"elementor-widget-container\">\n\t\t\t<style>\/*! elementor - v3.23.0 - 05-08-2024 *\/\n.elementor-widget-text-editor.elementor-drop-cap-view-stacked .elementor-drop-cap{background-color:#69727d;color:#fff}.elementor-widget-text-editor.elementor-drop-cap-view-framed .elementor-drop-cap{color:#69727d;border:3px solid;background-color:transparent}.elementor-widget-text-editor:not(.elementor-drop-cap-view-default) .elementor-drop-cap{margin-top:8px}.elementor-widget-text-editor:not(.elementor-drop-cap-view-default) .elementor-drop-cap-letter{width:1em;height:1em}.elementor-widget-text-editor .elementor-drop-cap{float:left;text-align:center;line-height:1;font-size:50px}.elementor-widget-text-editor .elementor-drop-cap-letter{display:inline-block}<\/style>\t\t\t\t<ul><li><p><span style=\"font-weight: 400;\">\u00c9 necess\u00e1rio estar devidamente inscrito no SemiEdu ou no IV\u00a0 Encontro Escolar Quilombola;<\/span><\/p><\/li><li><p><span style=\"font-weight: 400;\">A inscri\u00e7\u00e3o nas Oficinas \u00e9 gratuita;<\/span><\/p><\/li><li><p><span style=\"font-weight: 400;\">As vagas s\u00e3o limitadas e ser\u00e3o preenchidas por ordem de inscri\u00e7\u00e3o;<\/span><\/p><\/li><li><p><span style=\"font-weight: 400;\">Somente os participantes que se inscreverem e assinarem a lista de presen\u00e7a durante a realiza\u00e7\u00e3o da Oficina receber\u00e3o o certificado de participa\u00e7\u00e3o.<\/span><\/p><\/li><\/ul>\t\t\t\t\t\t<\/div>\n\t\t\t\t<\/div>\n\t\t\t\t\t<\/div>\n\t\t\t\t<\/div>\n\t\t<div class=\"elementor-element elementor-element-e296882 e-flex e-con-boxed e-con e-parent\" data-id=\"e296882\" data-element_type=\"container\">\n\t\t\t\t\t<div class=\"e-con-inner\">\n\t\t\t\t<div class=\"elementor-element elementor-element-eb8674c elementor-widget elementor-widget-heading\" data-id=\"eb8674c\" data-element_type=\"widget\" data-widget_type=\"heading.default\">\n\t\t\t\t<div class=\"elementor-widget-container\">\n\t\t\t<h2 class=\"elementor-heading-title elementor-size-default\">OFICINAS<\/h2>\t\t<\/div>\n\t\t\t\t<\/div>\n\t\t\t\t\t<\/div>\n\t\t\t\t<\/div>\n\t\t<div class=\"elementor-element elementor-element-ff725a5 e-flex e-con-boxed e-con e-parent\" data-id=\"ff725a5\" data-element_type=\"container\">\n\t\t\t\t\t<div class=\"e-con-inner\">\n\t\t\t\t<div class=\"elementor-element elementor-element-233129c elementor-widget elementor-widget-accordion\" data-id=\"233129c\" data-element_type=\"widget\" commissao=\"\" data-widget_type=\"accordion.default\">\n\t\t\t\t<div class=\"elementor-widget-container\">\n\t\t\t<style>\/*! elementor - v3.23.0 - 05-08-2024 *\/\n.elementor-accordion{text-align:start}.elementor-accordion .elementor-accordion-item{border:1px solid #d5d8dc}.elementor-accordion .elementor-accordion-item+.elementor-accordion-item{border-top:none}.elementor-accordion .elementor-tab-title{margin:0;padding:15px 20px;font-weight:700;line-height:1;cursor:pointer;outline:none}.elementor-accordion .elementor-tab-title .elementor-accordion-icon{display:inline-block;width:1.5em}.elementor-accordion .elementor-tab-title .elementor-accordion-icon svg{width:1em;height:1em}.elementor-accordion .elementor-tab-title .elementor-accordion-icon.elementor-accordion-icon-right{float:right;text-align:right}.elementor-accordion .elementor-tab-title .elementor-accordion-icon.elementor-accordion-icon-left{float:left;text-align:left}.elementor-accordion .elementor-tab-title .elementor-accordion-icon .elementor-accordion-icon-closed{display:block}.elementor-accordion .elementor-tab-title .elementor-accordion-icon .elementor-accordion-icon-opened,.elementor-accordion .elementor-tab-title.elementor-active .elementor-accordion-icon-closed{display:none}.elementor-accordion .elementor-tab-title.elementor-active .elementor-accordion-icon-opened{display:block}.elementor-accordion .elementor-tab-content{display:none;padding:15px 20px;border-top:1px solid #d5d8dc}@media (max-width:767px){.elementor-accordion .elementor-tab-title{padding:12px 15px}.elementor-accordion .elementor-tab-title .elementor-accordion-icon{width:1.2em}.elementor-accordion .elementor-tab-content{padding:7px 15px}}.e-con-inner>.elementor-widget-accordion,.e-con>.elementor-widget-accordion{width:var(--container-widget-width);--flex-grow:var(--container-widget-flex-grow)}<\/style>\t\t<div class=\"elementor-accordion\">\n\t\t\t\t\t\t\t<div class=\"elementor-accordion-item\">\n\t\t\t\t\t<div id=\"elementor-tab-title-3691\" class=\"elementor-tab-title\" data-tab=\"1\" role=\"button\" aria-controls=\"elementor-tab-content-3691\" aria-expanded=\"false\">\n\t\t\t\t\t\t\t\t\t\t\t\t\t<span class=\"elementor-accordion-icon elementor-accordion-icon-left\" aria-hidden=\"true\">\n\t\t\t\t\t\t\t\t\t\t\t\t\t\t\t<span class=\"elementor-accordion-icon-closed\"><i class=\"fas fa-chevron-down\"><\/i><\/span>\n\t\t\t\t\t\t\t\t<span class=\"elementor-accordion-icon-opened\"><i class=\"fas fa-chevron-up\"><\/i><\/span>\n\t\t\t\t\t\t\t\t\t\t\t\t\t\t<\/span>\n\t\t\t\t\t\t\t\t\t\t\t\t<a class=\"elementor-accordion-title\" tabindex=\"0\">Oficina: A Dan\u00e7a do Maculel\u00ea<\/a>\n\t\t\t\t\t<\/div>\n\t\t\t\t\t<div id=\"elementor-tab-content-3691\" class=\"elementor-tab-content elementor-clearfix\" data-tab=\"1\" role=\"region\" aria-labelledby=\"elementor-tab-title-3691\"><p><b>Data:<\/b> 27\/11\/2025<\/p><p><b>Hor\u00e1rio:<\/b> 10:00 \u00e0s 11:00<\/p><p><b>Local:<\/b> Tenda<\/p><p><b>Ementa:<\/b>\u00a0<span style=\"letter-spacing: 0em;\">Explore a hist\u00f3ria e os movimentos do Maculel\u00ea, uma dan\u00e7a afro-brasileira de resist\u00eancia. A oficina trabalha ritmo, express\u00e3o corporal e a valoriza\u00e7\u00e3o da cultura ancestral, celebrando a coletividade e a identidade negra atrav\u00e9s de uma viv\u00eancia rica e interdisciplinar.<\/span><\/p><p><b>Ministrante:<\/b> Joacelmo Barbosa Bastos (Mestre Biro)\/Professor\/Gepeq<\/p><p><b>Vagas:<\/b> 30<\/p><p><strong>INSCRI\u00c7\u00d5ES ENCERRADAS<\/strong><\/p><\/div>\n\t\t\t\t<\/div>\n\t\t\t\t\t\t\t<div class=\"elementor-accordion-item\">\n\t\t\t\t\t<div id=\"elementor-tab-title-3692\" class=\"elementor-tab-title\" data-tab=\"2\" role=\"button\" aria-controls=\"elementor-tab-content-3692\" aria-expanded=\"false\">\n\t\t\t\t\t\t\t\t\t\t\t\t\t<span class=\"elementor-accordion-icon elementor-accordion-icon-left\" aria-hidden=\"true\">\n\t\t\t\t\t\t\t\t\t\t\t\t\t\t\t<span class=\"elementor-accordion-icon-closed\"><i class=\"fas fa-chevron-down\"><\/i><\/span>\n\t\t\t\t\t\t\t\t<span class=\"elementor-accordion-icon-opened\"><i class=\"fas fa-chevron-up\"><\/i><\/span>\n\t\t\t\t\t\t\t\t\t\t\t\t\t\t<\/span>\n\t\t\t\t\t\t\t\t\t\t\t\t<a class=\"elementor-accordion-title\" tabindex=\"0\">Oficina: Fibra de Bananas<\/a>\n\t\t\t\t\t<\/div>\n\t\t\t\t\t<div id=\"elementor-tab-content-3692\" class=\"elementor-tab-content elementor-clearfix\" data-tab=\"2\" role=\"region\" aria-labelledby=\"elementor-tab-title-3692\"><p><b>Data:<\/b> 26\/11\/2025<\/p><p><b>Hor\u00e1rio:<\/b> 14:00 \u00e0s 17:00<\/p><p><b>Local:<\/b> Tenda<\/p><p><b>Ementa: <\/b>Descubra o potencial da fibra de bananeira em uma oficina pr\u00e1tica sobre sustentabilidade e artesanato. Aprenda desde a extra\u00e7\u00e3o da fibra at\u00e9 a cria\u00e7\u00e3o de pe\u00e7as \u00fanicas, valorizando saberes tradicionais, a preserva\u00e7\u00e3o ambiental e a gera\u00e7\u00e3o de renda criativa.<\/p><p><b>Ministrantes:<\/b> Eder Arilson de Amorim<\/p><p>Lauzenete Oliveira<\/p><p>Marilucia de Jesus Silva\/Professores\/Mestres dos Saberes\/Quilombolas<\/p><p><b>Vagas:<\/b> 30<\/p><p><strong>INSCRI\u00c7\u00d5ES ENCERRADAS<\/strong><\/p><p>\u00a0<\/p><\/div>\n\t\t\t\t<\/div>\n\t\t\t\t\t\t\t<div class=\"elementor-accordion-item\">\n\t\t\t\t\t<div id=\"elementor-tab-title-3693\" class=\"elementor-tab-title\" data-tab=\"3\" role=\"button\" aria-controls=\"elementor-tab-content-3693\" aria-expanded=\"false\">\n\t\t\t\t\t\t\t\t\t\t\t\t\t<span class=\"elementor-accordion-icon elementor-accordion-icon-left\" aria-hidden=\"true\">\n\t\t\t\t\t\t\t\t\t\t\t\t\t\t\t<span class=\"elementor-accordion-icon-closed\"><i class=\"fas fa-chevron-down\"><\/i><\/span>\n\t\t\t\t\t\t\t\t<span class=\"elementor-accordion-icon-opened\"><i class=\"fas fa-chevron-up\"><\/i><\/span>\n\t\t\t\t\t\t\t\t\t\t\t\t\t\t<\/span>\n\t\t\t\t\t\t\t\t\t\t\t\t<a class=\"elementor-accordion-title\" tabindex=\"0\">Oficina: O licor Quilombola: Elixir de resist\u00eancia, Rezas e Tradi\u00e7\u00f5es<\/a>\n\t\t\t\t\t<\/div>\n\t\t\t\t\t<div id=\"elementor-tab-content-3693\" class=\"elementor-tab-content elementor-clearfix\" data-tab=\"3\" role=\"region\" aria-labelledby=\"elementor-tab-title-3693\"><p><b>Data:<\/b> 28\/11\/2025<\/p><p><b>Hor\u00e1rio:<\/b> 14:00 \u00e0s 16:00<\/p><p><b>Local:<\/b> Sala<\/p><p><b>Ementa: <\/b>Mergulhe nos sabores e saberes ancestrais quilombolas aprendendo a produzir licores artesanais. Esta oficina resgata tradi\u00e7\u00f5es, mem\u00f3rias e a rela\u00e7\u00e3o com a terra, celebrando a cultura alimentar como forma de identidade, resist\u00eancia e fortalecimento comunit\u00e1rio.<\/p><p><b>Ministrantes:<\/b><\/p><ul><li>Rosilene Rodrigues Maruyama<\/li><li>Dilma Rodrigues da Silva Cruz\/Mestres dos Saberes\/Quilombolas<\/li><\/ul><p><b>Vagas:<\/b> 15<\/p><p><span style=\"text-decoration: underline;\"><strong>INSCRI\u00c7\u00d5ES ENCERRADAS<\/strong><\/span><\/p><\/div>\n\t\t\t\t<\/div>\n\t\t\t\t\t\t\t<div class=\"elementor-accordion-item\">\n\t\t\t\t\t<div id=\"elementor-tab-title-3694\" class=\"elementor-tab-title\" data-tab=\"4\" role=\"button\" aria-controls=\"elementor-tab-content-3694\" aria-expanded=\"false\">\n\t\t\t\t\t\t\t\t\t\t\t\t\t<span class=\"elementor-accordion-icon elementor-accordion-icon-left\" aria-hidden=\"true\">\n\t\t\t\t\t\t\t\t\t\t\t\t\t\t\t<span class=\"elementor-accordion-icon-closed\"><i class=\"fas fa-chevron-down\"><\/i><\/span>\n\t\t\t\t\t\t\t\t<span class=\"elementor-accordion-icon-opened\"><i class=\"fas fa-chevron-up\"><\/i><\/span>\n\t\t\t\t\t\t\t\t\t\t\t\t\t\t<\/span>\n\t\t\t\t\t\t\t\t\t\t\t\t<a class=\"elementor-accordion-title\" tabindex=\"0\">Oficina: Saberes quilombolas: Pomadas medicinais, Xaropes, ch\u00e1s e garrafadas<\/a>\n\t\t\t\t\t<\/div>\n\t\t\t\t\t<div id=\"elementor-tab-content-3694\" class=\"elementor-tab-content elementor-clearfix\" data-tab=\"4\" role=\"region\" aria-labelledby=\"elementor-tab-title-3694\"><p><b>Data:<\/b> 28\/11\/2025<\/p><p><b>Hor\u00e1rio:<\/b> 9:00 \u00e0s 10:00 e das 10:00 \u00e0s 11:00<\/p><p><b>Local:<\/b> Tenda<\/p><p><b>Ementa: <\/b>Participe de uma viv\u00eancia sobre o poder das plantas medicinais na tradi\u00e7\u00e3o quilombola. A oficina compartilha conhecimentos ancestrais sobre a produ\u00e7\u00e3o de pomadas e outros preparados, valorizando a medicina da terra como heran\u00e7a, cuidado e pr\u00e1tica de liberdade.<\/p><p><b>Ministrantes:<\/b><\/p><ul><li>M\u00e1rcia de Almeida Nascimento<\/li><li>Nadir de Arruda e Silva<\/li><li>Tatiane de Oliveira Leite<\/li><li>Rosaria Leite da Costa\/Mestres dos Saberes\/Quilombolas<\/li><li>Rosangela do Carmo Amorim de Almeida<\/li><\/ul><p><b>Vagas:<\/b> 15 Participantes + 10 participantes (P\u00fablico Surdos\/as Libras)<\/p><p><strong>INSCRI\u00c7\u00d5ES ENCERRADAS<\/strong><\/p><\/div>\n\t\t\t\t<\/div>\n\t\t\t\t\t\t\t<div class=\"elementor-accordion-item\">\n\t\t\t\t\t<div id=\"elementor-tab-title-3695\" class=\"elementor-tab-title\" data-tab=\"5\" role=\"button\" aria-controls=\"elementor-tab-content-3695\" aria-expanded=\"false\">\n\t\t\t\t\t\t\t\t\t\t\t\t\t<span class=\"elementor-accordion-icon elementor-accordion-icon-left\" aria-hidden=\"true\">\n\t\t\t\t\t\t\t\t\t\t\t\t\t\t\t<span class=\"elementor-accordion-icon-closed\"><i class=\"fas fa-chevron-down\"><\/i><\/span>\n\t\t\t\t\t\t\t\t<span class=\"elementor-accordion-icon-opened\"><i class=\"fas fa-chevron-up\"><\/i><\/span>\n\t\t\t\t\t\t\t\t\t\t\t\t\t\t<\/span>\n\t\t\t\t\t\t\t\t\t\t\t\t<a class=\"elementor-accordion-title\" tabindex=\"0\">Oficina: \u00c9tica e Educa\u00e7\u00e3o Ambiental: Formando Sujeitos para um Futuro Sustent\u00e1vel<\/a>\n\t\t\t\t\t<\/div>\n\t\t\t\t\t<div id=\"elementor-tab-content-3695\" class=\"elementor-tab-content elementor-clearfix\" data-tab=\"5\" role=\"region\" aria-labelledby=\"elementor-tab-title-3695\"><p><b>Data:<\/b> 26\/11\/2025<\/p><p><b>Hor\u00e1rio:<\/b> 14:00 \u00e0s 17:00<\/p><p><b>Local:<\/b> Sala<\/p><p><b>Ementa:<\/b> Participe de uma reflex\u00e3o pr\u00e1tica sobre os desafios socioambientais atuais. A oficina conecta \u00e9tica e educa\u00e7\u00e3o ambiental para formar cidad\u00e3os mais cr\u00edticos e comprometidos, apresentando estrat\u00e9gias pedag\u00f3gicas para construir um futuro mais justo e sustent\u00e1vel.<\/p><p><b>Ministrante:<\/b> Luiz Antonio Solino\/Seduc<\/p><p><b>Vagas:<\/b> 30<\/p><p><strong>INSCRI\u00c7\u00d5ES ENCERRADAS<\/strong><\/p><p>\u00a0<\/p><\/div>\n\t\t\t\t<\/div>\n\t\t\t\t\t\t\t<div class=\"elementor-accordion-item\">\n\t\t\t\t\t<div id=\"elementor-tab-title-3696\" class=\"elementor-tab-title\" data-tab=\"6\" role=\"button\" aria-controls=\"elementor-tab-content-3696\" aria-expanded=\"false\">\n\t\t\t\t\t\t\t\t\t\t\t\t\t<span class=\"elementor-accordion-icon elementor-accordion-icon-left\" aria-hidden=\"true\">\n\t\t\t\t\t\t\t\t\t\t\t\t\t\t\t<span class=\"elementor-accordion-icon-closed\"><i class=\"fas fa-chevron-down\"><\/i><\/span>\n\t\t\t\t\t\t\t\t<span class=\"elementor-accordion-icon-opened\"><i class=\"fas fa-chevron-up\"><\/i><\/span>\n\t\t\t\t\t\t\t\t\t\t\t\t\t\t<\/span>\n\t\t\t\t\t\t\t\t\t\t\t\t<a class=\"elementor-accordion-title\" tabindex=\"0\">Oficina: PEI e Flexibiliza\u00e7\u00e3o Curricular para uma Educa\u00e7\u00e3o Inclusiva: uma Perspectiva Interdisciplinar<\/a>\n\t\t\t\t\t<\/div>\n\t\t\t\t\t<div id=\"elementor-tab-content-3696\" class=\"elementor-tab-content elementor-clearfix\" data-tab=\"6\" role=\"region\" aria-labelledby=\"elementor-tab-title-3696\"><p><b>Data:<\/b> 27\/10\/2025<\/p><p><b>Hor\u00e1rio:<\/b> 9:00 \u00e0s 12:00<\/p><p><b>Local:<\/b> Sala<\/p><p><b>Ementa: <\/b>Capacite-se para construir uma sala de aula verdadeiramente inclusiva. Esta oficina aborda a aplica\u00e7\u00e3o do Plano de Ensino Individualizado (PEI) e da flexibiliza\u00e7\u00e3o curricular como ferramentas essenciais para atender \u00e0 diversidade dos estudantes e promover uma educa\u00e7\u00e3o de qualidade para todos.<\/p><p><b>Ministrante:<\/b> Kassia Paula Oliveira Silva\/Seduc<\/p><p><b>Vagas:<\/b> 40<\/p><p><strong>INSCRI\u00c7\u00d5ES ENCERRADAS<\/strong><\/p><p>\u00a0<\/p><\/div>\n\t\t\t\t<\/div>\n\t\t\t\t\t\t\t<div class=\"elementor-accordion-item\">\n\t\t\t\t\t<div id=\"elementor-tab-title-3697\" class=\"elementor-tab-title\" data-tab=\"7\" role=\"button\" aria-controls=\"elementor-tab-content-3697\" aria-expanded=\"false\">\n\t\t\t\t\t\t\t\t\t\t\t\t\t<span class=\"elementor-accordion-icon elementor-accordion-icon-left\" aria-hidden=\"true\">\n\t\t\t\t\t\t\t\t\t\t\t\t\t\t\t<span class=\"elementor-accordion-icon-closed\"><i class=\"fas fa-chevron-down\"><\/i><\/span>\n\t\t\t\t\t\t\t\t<span class=\"elementor-accordion-icon-opened\"><i class=\"fas fa-chevron-up\"><\/i><\/span>\n\t\t\t\t\t\t\t\t\t\t\t\t\t\t<\/span>\n\t\t\t\t\t\t\t\t\t\t\t\t<a class=\"elementor-accordion-title\" tabindex=\"0\">Oficina: Comunica\u00e7\u00e3o Alternativa e Aumentativa (CAA) na Educa\u00e7\u00e3o B\u00e1sica: Estrat\u00e9gias Inclusivas para Estudantes Autistas e Surdos - CASIES<\/a>\n\t\t\t\t\t<\/div>\n\t\t\t\t\t<div id=\"elementor-tab-content-3697\" class=\"elementor-tab-content elementor-clearfix\" data-tab=\"7\" role=\"region\" aria-labelledby=\"elementor-tab-title-3697\"><p><b>Data:<\/b> 28\/11\/2025<\/p><p><b>Hor\u00e1rio:<\/b> 09:00 \u00e0s 12:00<\/p><p><b>Local:<\/b> Sala<\/p><p><b>Ementa: <\/b>Compreenda as especificidades do desenvolvimento da crian\u00e7a surda em um ambiente educacional. A oficina explora a import\u00e2ncia da Libras como primeira l\u00edngua e oferece estrat\u00e9gias pedag\u00f3gicas visuais para potencializar o aprendizado e criar pr\u00e1ticas inclusivas em sala de aula.<\/p><p><b>Ministrantes:<\/b><\/p><ul><li>Aghatta Alexsandra Martins Neves de Oliveira Santos<\/li><li>Marisa Cristina Almeida Negishi<\/li><li>Osilene Moura Silva\/Cassies<\/li><li>Zenilda Riberito de Oliveira Rosa da Silva<\/li><\/ul><p><b>Vagas:<\/b> 40<\/p><p><strong>INSCRI\u00c7\u00d5ES ENCERRADAS<\/strong><\/p><p>\u00a0<\/p><\/div>\n\t\t\t\t<\/div>\n\t\t\t\t\t\t\t<div class=\"elementor-accordion-item\">\n\t\t\t\t\t<div id=\"elementor-tab-title-3698\" class=\"elementor-tab-title\" data-tab=\"8\" role=\"button\" aria-controls=\"elementor-tab-content-3698\" aria-expanded=\"false\">\n\t\t\t\t\t\t\t\t\t\t\t\t\t<span class=\"elementor-accordion-icon elementor-accordion-icon-left\" aria-hidden=\"true\">\n\t\t\t\t\t\t\t\t\t\t\t\t\t\t\t<span class=\"elementor-accordion-icon-closed\"><i class=\"fas fa-chevron-down\"><\/i><\/span>\n\t\t\t\t\t\t\t\t<span class=\"elementor-accordion-icon-opened\"><i class=\"fas fa-chevron-up\"><\/i><\/span>\n\t\t\t\t\t\t\t\t\t\t\t\t\t\t<\/span>\n\t\t\t\t\t\t\t\t\t\t\t\t<a class=\"elementor-accordion-title\" tabindex=\"0\">Oficina: Escrita Criativa sobre Africanidades<\/a>\n\t\t\t\t\t<\/div>\n\t\t\t\t\t<div id=\"elementor-tab-content-3698\" class=\"elementor-tab-content elementor-clearfix\" data-tab=\"8\" role=\"region\" aria-labelledby=\"elementor-tab-title-3698\"><p><b>Data:<\/b> 28\/11\/2025<\/p><p><b>Hor\u00e1rio:<\/b> 09:00 \u00e0s 12:00<\/p><p><b>Local:<\/b> Sala<\/p><p><b>Ementa:<\/b> Import\u00e2ncia da leitura e da escrita na forma\u00e7\u00e3o humana. O que \u00e9 escrita criativa. Produ\u00e7\u00e3o coletiva de um pequeno livro artesanal, tendo a \u00c1frica como tem\u00e1tica central.<\/p><p><b>Ministrantes:<\/b><\/p><ul><li>T\u00e2nia Maria de Lima<\/li><li>Glauce Souza Viana<\/li><\/ul><p><b>Vagas:<\/b> 25<\/p><p><strong>INSCRI\u00c7\u00d5ES ENCERRADAS<\/strong><\/p><p>\u00a0<\/p><\/div>\n\t\t\t\t<\/div>\n\t\t\t\t\t\t\t\t<\/div>\n\t\t\t\t<\/div>\n\t\t\t\t<\/div>\n\t\t\t\t\t<\/div>\n\t\t\t\t<\/div>\n\t\t<div class=\"elementor-element elementor-element-25777ea e-flex e-con-boxed e-con e-parent\" data-id=\"25777ea\" data-element_type=\"container\">\n\t\t\t\t\t<div class=\"e-con-inner\">\n\t\t\t\t\t<\/div>\n\t\t\t\t<\/div>\n\t\t\t\t<\/div>\n\t\t","protected":false},"excerpt":{"rendered":"<p>NORMAS PARA INSCRI\u00c7\u00c3O NAS OFICINAS \u00c9 necess\u00e1rio estar devidamente inscrito no SemiEdu ou no IV\u00a0 Encontro Escolar Quilombola; A inscri\u00e7\u00e3o nas Oficinas \u00e9 gratuita; As vagas s\u00e3o limitadas e ser\u00e3o preenchidas por ordem de inscri\u00e7\u00e3o; [&hellip;]<\/p>\n","protected":false},"author":1076,"featured_media":0,"parent":0,"menu_order":0,"comment_status":"closed","ping_status":"closed","template":"","meta":{"footnotes":""},"class_list":["post-4069","page","type-page","status-publish","hentry"],"_links":{"self":[{"href":"https:\/\/setec.ufmt.br\/eventos\/semiedu2025\/wp-json\/wp\/v2\/pages\/4069"}],"collection":[{"href":"https:\/\/setec.ufmt.br\/eventos\/semiedu2025\/wp-json\/wp\/v2\/pages"}],"about":[{"href":"https:\/\/setec.ufmt.br\/eventos\/semiedu2025\/wp-json\/wp\/v2\/types\/page"}],"author":[{"embeddable":true,"href":"https:\/\/setec.ufmt.br\/eventos\/semiedu2025\/wp-json\/wp\/v2\/users\/1076"}],"replies":[{"embeddable":true,"href":"https:\/\/setec.ufmt.br\/eventos\/semiedu2025\/wp-json\/wp\/v2\/comments?post=4069"}],"version-history":[{"count":108,"href":"https:\/\/setec.ufmt.br\/eventos\/semiedu2025\/wp-json\/wp\/v2\/pages\/4069\/revisions"}],"predecessor-version":[{"id":5766,"href":"https:\/\/setec.ufmt.br\/eventos\/semiedu2025\/wp-json\/wp\/v2\/pages\/4069\/revisions\/5766"}],"wp:attachment":[{"href":"https:\/\/setec.ufmt.br\/eventos\/semiedu2025\/wp-json\/wp\/v2\/media?parent=4069"}],"curies":[{"name":"wp","href":"https:\/\/api.w.org\/{rel}","templated":true}]}}